{"id":42,"date":"2020-02-15T11:47:29","date_gmt":"2020-02-15T11:47:29","guid":{"rendered":"http:\/\/vipinvest.hu\/?page_id=42"},"modified":"2020-11-23T08:48:33","modified_gmt":"2020-11-23T08:48:33","slug":"beruhazasi-kisokos","status":"publish","type":"page","link":"http:\/\/vipinvest.hu\/?page_id=42","title":{"rendered":"Beruh\u00e1z\u00e1si kisokos"},"content":{"rendered":"<p>[et_pb_section fb_built=&#8221;1&#8243; _builder_version=&#8221;4.6.6&#8243; background_color=&#8221;#282828&#8243; use_background_color_gradient=&#8221;on&#8221; background_color_gradient_start=&#8221;#1f3351&#8243; background_color_gradient_end=&#8221;rgba(40,40,40,0.38)&#8221; background_color_gradient_overlays_image=&#8221;on&#8221; background_image=&#8221;http:\/\/vipinvest.hu\/wp-content\/uploads\/2020\/11\/blueprints-01-1-1.jpg&#8221; custom_padding=&#8221;10%|0px|10%|0px|true|false&#8221;][et_pb_row _builder_version=&#8221;3.25&#8243; custom_padding=&#8221;27px|0px|0|0px|false|false&#8221; custom_css_main_element=&#8221;z-index:99999 !important;&#8221;][et_pb_column type=&#8221;4_4&#8243; _builder_version=&#8221;3.25&#8243; custom_padding=&#8221;|||&#8221; custom_padding__hover=&#8221;|||&#8221;][et_pb_text _builder_version=&#8221;4.6.6&#8243; _module_preset=&#8221;default&#8221; header_font=&#8221;Montserrat|700||on|||||&#8221; header_text_align=&#8221;center&#8221; header_text_color=&#8221;#ffffff&#8221; header_font_size=&#8221;40px&#8221; header_line_height=&#8221;1.6em&#8221;]<\/p>\n<h1>Beruh\u00e1z\u00e1si kisokos<\/h1>\n<p>[\/et_pb_text][\/et_pb_column][\/et_pb_row][\/et_pb_section][et_pb_section fb_built=&#8221;1&#8243; _builder_version=&#8221;4.6.6&#8243; _module_preset=&#8221;default&#8221;][et_pb_row column_structure=&#8221;2_5,3_5&#8243; _builder_version=&#8221;4.6.6&#8243; _module_preset=&#8221;default&#8221;][et_pb_column type=&#8221;2_5&#8243; _builder_version=&#8221;4.6.6&#8243; _module_preset=&#8221;default&#8221;][et_pb_image src=&#8221;http:\/\/vipinvest.hu\/wp-content\/uploads\/2020\/11\/Canva-Female-Engineer-Holding-Floor-Plan-1-1.jpg&#8221; title_text=&#8221;Canva &#8211; Female Engineer Holding Floor Plan (1) (1)&#8221; _builder_version=&#8221;4.6.6&#8243; _module_preset=&#8221;default&#8221; custom_margin=&#8221;||||false|false&#8221; box_shadow_style=&#8221;preset1&#8243; box_shadow_spread=&#8221;2px&#8221; box_shadow_color=&#8221;#041f51&#8243;][\/et_pb_image][\/et_pb_column][et_pb_column type=&#8221;3_5&#8243; _builder_version=&#8221;4.6.6&#8243; _module_preset=&#8221;default&#8221;][et_pb_text _builder_version=&#8221;4.6.6&#8243; _module_preset=&#8221;default&#8221; text_font=&#8221;Montserrat||||||||&#8221; text_text_color=&#8221;#000000&#8243; text_font_size=&#8221;19px&#8221; text_line_height=&#8221;1.6em&#8221; header_font=&#8221;Montserrat|700|||||||&#8221; header_line_height=&#8221;1.6em&#8221;]<\/p>\n<h1>Beruh\u00e1z\u00e1si kisokos<\/h1>\n<p>&nbsp;<\/p>\n<p>[\/et_pb_text][et_pb_text _builder_version=&#8221;4.6.6&#8243; _module_preset=&#8221;default&#8221; text_font=&#8221;Montserrat||||||||&#8221; text_font_size=&#8221;18px&#8221; text_line_height=&#8221;1.6em&#8221;]<\/p>\n<p>Hogyan takar\u00edthat meg \u00d6n Energi\u00e1t, Id\u0151t, P\u00e9nzt?<br \/> K\u00f6vesse javasolt l\u00e9p\u00e9seinket!<br \/> Tan\u00e1csainkat megfogadva \u00d6nt megk\u00edm\u00e9lj\u00fck\u00a0att\u00f3l, hogy ut\u00f3lag kelljen a kellemetlens\u00e9gekkel szembes\u00fclnie.<\/p>\n<p>[\/et_pb_text][\/et_pb_column][\/et_pb_row][et_pb_row _builder_version=&#8221;4.6.6&#8243; _module_preset=&#8221;default&#8221;][et_pb_column type=&#8221;4_4&#8243; _builder_version=&#8221;4.6.6&#8243; _module_preset=&#8221;default&#8221;][et_pb_text _builder_version=&#8221;4.6.6&#8243; _module_preset=&#8221;default&#8221; header_2_font=&#8221;Montserrat|600|||||||&#8221; header_2_text_align=&#8221;center&#8221; header_2_font_size=&#8221;27px&#8221; header_2_line_height=&#8221;1.6em&#8221;]<\/p>\n<h2>Mi\u00e9rt van sz\u00fcks\u00e9ge m\u00e9rn\u00f6ki tan\u00e1csad\u00e1sra?<\/h2>\n<p>[\/et_pb_text][et_pb_text _builder_version=&#8221;4.6.6&#8243; _module_preset=&#8221;default&#8221; text_font=&#8221;Montserrat||||||||&#8221; text_font_size=&#8221;18px&#8221; text_line_height=&#8221;1.6em&#8221; text_orientation=&#8221;center&#8221; width=&#8221;70%&#8221; module_alignment=&#8221;center&#8221;]<\/p>\n<p>Az al\u00e1bbi t\u00e1j\u00e9koztat\u00f3nkban felsorolunk 19 indokot, hogy mi\u00e9rt v\u00e1lassza m\u00e9rn\u00f6ki tan\u00e1csad\u00e1s szolg\u00e1ltat\u00e1sunkat!<\/p>\n<p>[\/et_pb_text][\/et_pb_column][\/et_pb_row][et_pb_row _builder_version=&#8221;4.6.6&#8243; _module_preset=&#8221;default&#8221;][et_pb_column type=&#8221;4_4&#8243; _builder_version=&#8221;4.6.6&#8243; _module_preset=&#8221;default&#8221;][et_pb_toggle title=&#8221;1. A legels\u0151 l\u00e9p\u00e9s &#8211; Ha lehet m\u00e1r a telek kiv\u00e1laszt\u00e1sa el\u0151tt tal\u00e1lja meg m\u00e9rn\u00f6ki tan\u00e1csad\u00f3j\u00e1t.&#8221; open=&#8221;on&#8221; open_toggle_text_color=&#8221;#1f3777&#8243; open_toggle_background_color=&#8221;#e8e9f1&#8243; closed_toggle_text_color=&#8221;#1f3777&#8243; icon_color=&#8221;#1f3777&#8243; _builder_version=&#8221;4.6.6&#8243; _module_preset=&#8221;default&#8221; title_text_color=&#8221;#1f3777&#8243; title_font=&#8221;Montserrat|600|||||||&#8221; title_font_size=&#8221;18px&#8221; title_line_height=&#8221;1.6em&#8221; closed_title_font=&#8221;Montserrat|600|||||||&#8221; closed_title_font_size=&#8221;18px&#8221; closed_title_line_height=&#8221;1.6em&#8221; body_font=&#8221;Montserrat||||||||&#8221; body_font_size=&#8221;16px&#8221; body_line_height=&#8221;1.6em&#8221; box_shadow_style=&#8221;preset1&#8243;]<\/p>\n<p><strong>Ha lehet m\u00e1r a telek kiv\u00e1laszt\u00e1sa el\u0151tt tal\u00e1lja meg m\u00e9rn\u00f6ki tan\u00e1csad\u00f3j\u00e1t.<\/strong><br \/> Ez vonatkozik h\u00e1z \u00e9s lak\u00e1s v\u00e1s\u00e1rl\u00e1s\u00e1ra is, mert egy j\u00f3 szakemberszak\u00e9rt\u0151 j\u00f3val<br \/> t\u00f6bbet l\u00e1t, mint \u00d6n. Tiszt\u00e1ban van a m\u0171szaki \u00e9s \u00e9p\u00edt\u00e9si jogi lehet\u0151s\u00e9gekkel, helyi<br \/> adotts\u00e1gokat ismerheti.<\/p>\n<p>[\/et_pb_toggle][et_pb_toggle title=&#8221;2. l\u00e9p\u00e9s &#8211; Tiszt\u00e1zni kell a jelenleg \u00e9rv\u00e9nyes \u00e1ltal\u00e1nos \u00e9s helyi \u00e9p\u00edt\u00e9si el\u0151\u00edr\u00e1sokat. \u2013 M\u00e1r ehhez is m\u00e9rn\u00f6kre van sz\u00fcks\u00e9ge.&#8221; open=&#8221;on&#8221; open_toggle_text_color=&#8221;#1f3777&#8243; open_toggle_background_color=&#8221;#e8e9f1&#8243; closed_toggle_text_color=&#8221;#1f3777&#8243; icon_color=&#8221;#1f3777&#8243; _builder_version=&#8221;4.6.6&#8243; _module_preset=&#8221;default&#8221; title_text_color=&#8221;#1f3777&#8243; title_font=&#8221;Montserrat|600|||||||&#8221; title_font_size=&#8221;18px&#8221; title_line_height=&#8221;1.6em&#8221; closed_title_font=&#8221;Montserrat|600|||||||&#8221; closed_title_font_size=&#8221;18px&#8221; closed_title_line_height=&#8221;1.6em&#8221; body_font=&#8221;Montserrat||||||||&#8221; body_font_size=&#8221;16px&#8221; body_line_height=&#8221;1.6em&#8221; box_shadow_style=&#8221;preset1&#8243;]<\/p>\n<p>Tiszt\u00e1zni kell a jelenleg \u00e9rv\u00e9nyes \u00e1ltal\u00e1nos \u00e9s helyi \u00e9p\u00edt\u00e9si el\u0151\u00edr\u00e1sokat. \u2013 <strong>M\u00e1r ehhez<\/strong><br \/> <strong> is m\u00e9rn\u00f6kre van sz\u00fcks\u00e9ge.<\/strong><br \/> Tudnia kell, hogy az \u00e9p\u00edt\u00e9si jogszab\u00e1lyok mostan\u00e1ban a helyi el\u0151\u00edr\u00e1sokkal egy\u00fctt is<br \/> gyorsan v\u00e1ltoznak, \u00e9s n\u00e9ha az el\u0151ad\u00f3k se tudj\u00e1k mi v\u00e1ltozott \u00e9ppen meg.<\/p>\n<p>[\/et_pb_toggle][et_pb_toggle title=&#8221;3. l\u00e9p\u00e9s &#8211; Tiszt\u00e1zza, ellen\u0151rizze a megv\u00e1s\u00e1roland\u00f3 ingatlan jogi \u00e9s m\u0171szaki, f\u00f6ldhivatali \u00e1llapot\u00e1t. &#8211; M\u00e1r ehhez is tan\u00e1csad\u00f3 m\u00e9rn\u00f6kre van sz\u00fcks\u00e9ge.&#8221; open=&#8221;on&#8221; open_toggle_text_color=&#8221;#1f3777&#8243; open_toggle_background_color=&#8221;#e8e9f1&#8243; closed_toggle_text_color=&#8221;#1f3777&#8243; icon_color=&#8221;#1f3777&#8243; _builder_version=&#8221;4.6.6&#8243; _module_preset=&#8221;default&#8221; title_text_color=&#8221;#1f3777&#8243; title_font=&#8221;Montserrat|600|||||||&#8221; title_font_size=&#8221;18px&#8221; title_line_height=&#8221;1.6em&#8221; closed_title_font=&#8221;Montserrat|600|||||||&#8221; closed_title_font_size=&#8221;18px&#8221; closed_title_line_height=&#8221;1.6em&#8221; body_font=&#8221;Montserrat||||||||&#8221; body_font_size=&#8221;16px&#8221; body_line_height=&#8221;1.6em&#8221; box_shadow_style=&#8221;preset1&#8243;]<\/p>\n<p>Tiszt\u00e1zza, ellen\u0151rizze a megv\u00e1s\u00e1roland\u00f3 ingatlan jogi \u00e9s m\u0171szaki, f\u00f6ldhivatali<br \/> \u00e1llapot\u00e1t. &#8211; <strong>M\u00e1r ehhez is tan\u00e1csad\u00f3 m\u00e9rn\u00f6kre van sz\u00fcks\u00e9ge.<\/strong><br \/> Ki kell v\u00e1ltani, meg kell tekinteni a tulajdoni lapot:<br \/> &#8211; Kik val\u00f3j\u00e1ban a tulajdonosok?<br \/> &#8211; Van e teher az ingatlanon?<br \/> &#8211; Milyen \u00e9s mennyi a teher?<br \/> &#8211; Terhelt e haszon\u00e9lvezeti, vagy szolgalmi joggal?<br \/> &#8211; Van e rajta haszn\u00e1lati meg\u00e1llapod\u00e1s?<br \/> &#8211; Van \u2013e rajta b\u00e1rmilyen forgalomkorl\u00e1toz\u00e1s, el\u0151v\u00e9teli jog?<\/p>\n<p>[\/et_pb_toggle][et_pb_toggle title=&#8221;4. l\u00e9p\u00e9s &#8211; V\u00e1ltsa ki az ingatlan helysz\u00ednrajz\u00e1t. Szak\u00e9rt\u0151 szemmel egy\u00fctt n\u00e9zze meg a helysz\u00ednen \u2013 M\u00e1r ehhez is M\u00e9rn\u00f6ki szolg\u00e1ltat\u00e1s sz\u00fcks\u00e9ges.&#8221; open_toggle_text_color=&#8221;#1f3777&#8243; open_toggle_background_color=&#8221;#e8e9f1&#8243; closed_toggle_text_color=&#8221;#1f3777&#8243; icon_color=&#8221;#1f3777&#8243; _builder_version=&#8221;4.6.6&#8243; _module_preset=&#8221;default&#8221; title_text_color=&#8221;#1f3777&#8243; title_font=&#8221;Montserrat|600|||||||&#8221; title_font_size=&#8221;18px&#8221; title_line_height=&#8221;1.6em&#8221; closed_title_font=&#8221;Montserrat|600|||||||&#8221; closed_title_font_size=&#8221;18px&#8221; closed_title_line_height=&#8221;1.6em&#8221; body_font=&#8221;Montserrat||||||||&#8221; body_font_size=&#8221;16px&#8221; body_line_height=&#8221;1.6em&#8221; box_shadow_style=&#8221;preset1&#8243;]<\/p>\n<p>V\u00e1ltsa ki az ingatlan helysz\u00ednrajz\u00e1t. Szak\u00e9rt\u0151 szemmel egy\u00fctt n\u00e9zze meg a<br \/> helysz\u00ednen \u2013 <strong>M\u00e1r ehhez is M\u00e9rn\u00f6ki szolg\u00e1ltat\u00e1s sz\u00fcks\u00e9ges.<\/strong><br \/> Ellen\u0151rizze, hogy a helysz\u00ednrajzon felt\u00fcntetett \u00e9p\u00fcletek, m\u00e9retek \u00e9s a telekhat\u00e1rok megfelelnek \u2013e a val\u00f3s\u00e1gnak. Az esetek t\u00f6bbs\u00e9g\u00e9ben, tapasztalatunk szerint az al\u00e1bbi probl\u00e9m\u00e1kkal, hi\u00e1nyokkal tal\u00e1lkozik:<br \/> &#8211; az \u00e9p\u00edtm\u00e9nyek nem, vagy csak r\u00e9szben vannak felt\u00fcntetve!<br \/> &#8211; az \u00e9p\u00edtm\u00e9ny, f\u0151\u00e9p\u00fcletnek csak egy r\u00e9sze szerepel a helysz\u00ednrajzon!<br \/> &#8211; a telekhat\u00e1rok valamelyike nincs a hely\u00e9n!<br \/> &#8211; a szomsz\u00e9dos ingatlanokon sokkal t\u00f6bb \u00e9p\u00fclet van a val\u00f3s\u00e1gban, mint a t\u00e9rk\u00e9pen! A<br \/> szomsz\u00e9d \u00e9p\u00fclete, mell\u00e9k\u00e9p\u00fcletei belel\u00f3gnak a v\u00e9d\u0151 t\u00e1vols\u00e1gba!<\/p>\n<p>Ha ezeket nem rendezteti az el\u0151z\u0151 tulajdonossal\u00a0m\u00e9g a v\u00e9tel\u00e1r teljes kifizet\u00e9se, a v\u00e9gleges szerz\u0151d\u00e9s al\u00e1\u00edr\u00e1sa el\u0151tt,\u00a0az \u00d6nnek t\u00f6bb sz\u00e1zezer, vagy milli\u00f3 Forintos<br \/> plusz k\u00f6lts\u00e9get jelenthet ma m\u00e1r! Korl\u00e1tozhatja az \u00d6n \u00e9p\u00edtkez\u00e9s\u00e9t, a tervez\u00e9si folyamatot, t\u00e9rben, id\u0151ben, anyagilag egyar\u00e1nt!<\/p>\n<p>[\/et_pb_toggle][et_pb_toggle title=&#8221;5. l\u00e9p\u00e9s &#8211; Csak akkor k\u00f6ss\u00f6n v\u00e9gleges ad\u00e1sv\u00e9teli szerz\u0151d\u00e9st ha az els\u0151 4 l\u00e9p\u00e9s teljes\u00fclt. \u2013 Azaz vissza az 1. l\u00e9p\u00e9shez! \u2013 Megvan m\u00e1r a m\u00e9rn\u00f6ki tan\u00e1csad\u00f3ja?&#8221; open_toggle_text_color=&#8221;#1f3777&#8243; open_toggle_background_color=&#8221;#e8e9f1&#8243; closed_toggle_text_color=&#8221;#1f3777&#8243; icon_color=&#8221;#1f3777&#8243; _builder_version=&#8221;4.6.6&#8243; _module_preset=&#8221;default&#8221; title_text_color=&#8221;#1f3777&#8243; title_font=&#8221;Montserrat|600|||||||&#8221; title_font_size=&#8221;18px&#8221; title_line_height=&#8221;1.6em&#8221; closed_title_font=&#8221;Montserrat|600|||||||&#8221; closed_title_font_size=&#8221;18px&#8221; closed_title_line_height=&#8221;1.6em&#8221; body_font=&#8221;Montserrat||||||||&#8221; body_font_size=&#8221;16px&#8221; body_line_height=&#8221;1.6em&#8221; box_shadow_style=&#8221;preset1&#8243;]<\/p>\n<p>Csak akkor k\u00f6ss\u00f6n v\u00e9gleges ad\u00e1sv\u00e9teli szerz\u0151d\u00e9st ha az els\u0151 4 l\u00e9p\u00e9s teljes\u00fclt. \u2013<br \/> Azaz vissza az 1. l\u00e9p\u00e9shez! \u2013 <em><strong>Megvan m\u00e1r a m\u00e9rn\u00f6ki tan\u00e1csad\u00f3ja?<\/strong><\/em><br \/> Addig k\u00f6thet el\u0151szerz\u0151d\u00e9st, v\u00e9teli opci\u00f3t l\u00e9tes\u00edthet, el\u0151legezhet, de ne foglal\u00f3zzon,<br \/> csak ha t\u00e9nyleg biztos a dolg\u00e1ban. A kis\u00f6rd\u00f6g mindig a r\u00e9szletekben b\u00fajik meg!<\/p>\n<p>[\/et_pb_toggle][et_pb_toggle title=&#8221;6. l\u00e9p\u00e9s &#8211; Ad\u00e1sv\u00e9teli szerz\u0151d\u00e9st, mindig csakis friss tulajdoni lap, helysz\u00ednrajz birtok\u00e1ban, gondos \u00e1tvizsg\u00e1l\u00e1s ut\u00e1n k\u00f6ss\u00f6n. \u2013 M\u00e1r ehhez is M\u00e9rn\u00f6ki szolg\u00e1ltat\u00e1s sz\u00fcks\u00e9ges.&#8221; open_toggle_text_color=&#8221;#1f3777&#8243; open_toggle_background_color=&#8221;#e8e9f1&#8243; closed_toggle_text_color=&#8221;#1f3777&#8243; icon_color=&#8221;#1f3777&#8243; _builder_version=&#8221;4.6.6&#8243; _module_preset=&#8221;default&#8221; title_text_color=&#8221;#1f3777&#8243; title_font=&#8221;Montserrat|600|||||||&#8221; title_font_size=&#8221;18px&#8221; title_line_height=&#8221;1.6em&#8221; closed_title_font=&#8221;Montserrat|600|||||||&#8221; closed_title_font_size=&#8221;18px&#8221; closed_title_line_height=&#8221;1.6em&#8221; body_font=&#8221;Montserrat||||||||&#8221; body_font_size=&#8221;16px&#8221; body_line_height=&#8221;1.6em&#8221; box_shadow_style=&#8221;preset1&#8243;]<\/p>\n<p>Ad\u00e1sv\u00e9teli szerz\u0151d\u00e9st, mindig csakis friss tulajdoni lap, helysz\u00ednrajz birtok\u00e1ban,<br \/> gondos \u00e1tvizsg\u00e1l\u00e1s ut\u00e1n k\u00f6ss\u00f6n. \u2013 <strong>M\u00e1r ehhez is M\u00e9rn\u00f6ki szolg\u00e1ltat\u00e1s sz\u00fcks\u00e9ges.<\/strong><br \/> Az elad\u00f3, n\u00e9h\u00e1ny jog\u00e1sz \u00e9s ingatlanforgalmaz\u00f3, laz\u00e1n, k\u00f6nnyed\u00e9n \u00e1tsiklik e felett, de \u00d6n ne tegye! \u2013 Ma m\u00e1r a f\u00f6ldhivatal, ak\u00e1r azonnal, 1 nap alatt k\u00e9sz\u00edt v\u00e9teli feljegyz\u00e9st a tulajdoni lapra. Mindig tiszt\u00e1zza az ingatlan k\u00f6zm\u0171 \u00e1llapot\u00e1t! T\u00e9nylegesen a Szolg\u00e1ltat\u00f3kkal kell egyeztetni. Egy ingatlant 1 napon bel\u00fcl, ak\u00e1r t\u00f6bb szem\u00e9lynek is eladhat egy sz\u00e9lh\u00e1mos elad\u00f3. Az Ingatlan k\u00f6zm\u0171 szolg\u00e1ltat\u00e1si d\u00edjakkal is terhelt lehet!<\/p>\n<p>[\/et_pb_toggle][et_pb_toggle title=&#8221;7. l\u00e9p\u00e9s &#8211; Az ad\u00e1sv\u00e9teli szerz\u0151d\u00e9s al\u00e1\u00edr\u00e1s\u00e1t megel\u0151z\u0151en gondosan tanulm\u00e1nyozza \u00e1t a sz\u00f6veget. B\u00e1rmit nem \u00e9rt, magyar\u00e1ztassa el! \u2013 M\u00e1r ehhez is M\u00e9rn\u00f6ki tan\u00e1csad\u00e1s sz\u00fcks\u00e9ges.&#8221; open_toggle_text_color=&#8221;#1f3777&#8243; open_toggle_background_color=&#8221;#e8e9f1&#8243; closed_toggle_text_color=&#8221;#1f3777&#8243; icon_color=&#8221;#1f3777&#8243; _builder_version=&#8221;4.6.6&#8243; _module_preset=&#8221;default&#8221; title_text_color=&#8221;#1f3777&#8243; title_font=&#8221;Montserrat|600|||||||&#8221; title_font_size=&#8221;18px&#8221; title_line_height=&#8221;1.6em&#8221; closed_title_font=&#8221;Montserrat|600|||||||&#8221; closed_title_font_size=&#8221;18px&#8221; closed_title_line_height=&#8221;1.6em&#8221; body_font=&#8221;Montserrat||||||||&#8221; body_font_size=&#8221;16px&#8221; body_line_height=&#8221;1.6em&#8221; box_shadow_style=&#8221;preset1&#8243;]<\/p>\n<p>Az ad\u00e1sv\u00e9teli szerz\u0151d\u00e9s al\u00e1\u00edr\u00e1s\u00e1t megel\u0151z\u0151en gondosan tanulm\u00e1nyozza \u00e1t a<br \/> sz\u00f6veget. B\u00e1rmit nem \u00e9rt, magyar\u00e1ztassa el! \u2013 <strong>M\u00e1r ehhez is M\u00e9rn\u00f6ki tan\u00e1csad\u00e1s<\/strong><br \/> <strong> sz\u00fcks\u00e9ges.<\/strong><br \/> Ha nem a csal\u00e1dj\u00e1nak, a r\u00e9gi, j\u00f3l bev\u00e1lt, nagytapasztalat\u00fa, megb\u00edzhat\u00f3 \u00fcgyv\u00e9dje<br \/> k\u00e9sz\u00edti a szerz\u0151d\u00e9st, akkor az al\u00e1\u00edr\u00e1st megel\u0151z\u0151en k\u00e9rjen 1-2 napot, vagy hetet \u00e9s<br \/> tanulm\u00e1nyozza \u00e1t az \u00d6n saj\u00e1t \u00fcgyv\u00e9dj\u00e9vel a szerz\u0151d\u00e9st.<\/p>\n<p>\u2013 Ha kell \u00e9s az \u00fcgyv\u00e9dje azt<br \/> javasolja, m\u00f3dos\u00edttassa \u00e9s csakis, kiz\u00e1r\u00f3lag abban a form\u00e1ban \u00edrja al\u00e1 amit \u0150 javasolt.<\/p>\n<p>\u2013 A jogi cs\u0171rcsavarok m\u00e9g a jog\u00e1szokat is megt\u00e9veszthetik, h\u00e1t m\u00e9g \u00d6nt. Ne<br \/> kock\u00e1ztasson milli\u00f3kat, b\u00edzzon mindent szakemberre!<\/p>\n<p>[\/et_pb_toggle][et_pb_toggle title=&#8221;8. l\u00e9p\u00e9s &#8211; Az ad\u00e1sv\u00e9teli szerz\u0151d\u00e9s al\u00e1\u00edr\u00e1s\u00e1t k\u00f6vet\u0151en azonnal jegyeztesse be, mag\u00e1t mint vev\u0151t a tulajdoni lapra. &#8211; M\u00e1r ehhez is M\u00e9rn\u00f6ki szolg\u00e1ltat\u00e1s sz\u00fcks\u00e9ges.&#8221; open_toggle_text_color=&#8221;#1f3777&#8243; open_toggle_background_color=&#8221;#e8e9f1&#8243; closed_toggle_text_color=&#8221;#1f3777&#8243; icon_color=&#8221;#1f3777&#8243; _builder_version=&#8221;4.6.6&#8243; _module_preset=&#8221;default&#8221; title_text_color=&#8221;#1f3777&#8243; title_font=&#8221;Montserrat|600|||||||&#8221; title_font_size=&#8221;18px&#8221; title_line_height=&#8221;1.6em&#8221; closed_title_font=&#8221;Montserrat|600|||||||&#8221; closed_title_font_size=&#8221;18px&#8221; closed_title_line_height=&#8221;1.6em&#8221; body_font=&#8221;Montserrat||||||||&#8221; body_font_size=&#8221;16px&#8221; body_line_height=&#8221;1.6em&#8221; box_shadow_style=&#8221;preset1&#8243;]<\/p>\n<p>Az ad\u00e1sv\u00e9teli szerz\u0151d\u00e9s al\u00e1\u00edr\u00e1s\u00e1t k\u00f6vet\u0151en azonnal jegyeztesse be, mag\u00e1t mint vev\u0151t a tulajdoni lapra. &#8211;<strong> M\u00e1r ehhez is M\u00e9rn\u00f6ki szolg\u00e1ltat\u00e1s sz\u00fcks\u00e9ges.<\/strong><br \/> Ez ugyan olyan fontos, mint a friss tulajdoni lap, helysz\u00ednrajz (t\u00e9rk\u00e9pkivonat).<\/p>\n<p>\u2013 Ezt el\u0151re tiszt\u00e1zza a jog\u00e1sz\u00e1val, vagy az ad\u00e1sv\u00e9teli szerz\u0151d\u00e9st megfogalmaz\u00f3 \u00e9s<br \/> ellenjegyz\u0151 jog\u00e1sszal.<\/p>\n<p>\u2013 Ha nem v\u00e1llalj\u00e1k 1 napon bel\u00fcl, vigye ink\u00e1bb \u00d6n be m\u00e1snap a F\u00f6ldhivatalba \u00e9s \u00e9rkeztesse.<\/p>\n<p>\u2013 Az iratok \u00e1tad\u00e1s\u00e1r\u00f3l legyen bizonylata! \u00d6nnek nem kell sorban \u00e1ll\u00e1ssal t\u00f6r\u0151dnie!<\/p>\n<p>[\/et_pb_toggle][et_pb_toggle title=&#8221;9. l\u00e9p\u00e9s &#8211; Milyen legyen a telek form\u00e1ja, m\u00e9rete, t\u00e1jol\u00e1sa? \u2013 M\u00e1r ehhez is m\u00e9rn\u00f6ki tan\u00e1csad\u00e1s sz\u00fcks\u00e9ges.&#8221; open_toggle_text_color=&#8221;#1f3777&#8243; open_toggle_background_color=&#8221;#e8e9f1&#8243; closed_toggle_text_color=&#8221;#1f3777&#8243; icon_color=&#8221;#1f3777&#8243; _builder_version=&#8221;4.6.6&#8243; _module_preset=&#8221;default&#8221; title_text_color=&#8221;#1f3777&#8243; title_font=&#8221;Montserrat|600|||||||&#8221; title_font_size=&#8221;18px&#8221; title_line_height=&#8221;1.6em&#8221; closed_title_font=&#8221;Montserrat|600|||||||&#8221; closed_title_font_size=&#8221;18px&#8221; closed_title_line_height=&#8221;1.6em&#8221; body_font=&#8221;Montserrat||||||||&#8221; body_font_size=&#8221;16px&#8221; body_line_height=&#8221;1.6em&#8221; box_shadow_style=&#8221;preset1&#8243;]<\/p>\n<p>Milyen legyen a telek form\u00e1ja, m\u00e9rete, t\u00e1jol\u00e1sa? \u2013 <strong>M\u00e1r ehhez is m\u00e9rn\u00f6ki<\/strong><br \/> <strong>tan\u00e1csad\u00e1s sz\u00fcks\u00e9ges.<\/strong><br \/> M\u00e1r a telekv\u00e1s\u00e1rl\u00e1s el\u0151tt j\u00f3 lenne tudni milyen h\u00e1zat szeretne \u00e9p\u00edteni, mert val\u00f3j\u00e1ban ez hat\u00e1rozza meg a telek m\u00e9ret\u00e9t, form\u00e1j\u00e1t. Ez\u00e9rt kell min\u00e9l el\u0151bb bevonni a<br \/> Tervez\u0151t, \u00e9s pontos tervez\u00e9si programot k\u00e9sz\u00edteni.<\/p>\n<p>Ne vegyen:<br \/> &#8211; t\u00fal keskeny (8-10 m) telket<br \/> &#8211; t\u00fal hossz\u00fa telket<br \/> &#8211; h\u00e1romsz\u00f6g alak\u00fa telket<\/p>\n<p>Csak olyan telket vegyen:<br \/> &#8211; Amin legal\u00e1bb k\u00e9t \u2013 h\u00e1rom ir\u00e1nyban t\u00e1jolhat\u00f3 az \u00e9p\u00fclet, azaz nyithat rendes<br \/> m\u00e9ret\u0171 ablakot.<br \/> &#8211; A v\u00e9d\u0151t\u00e1vols\u00e1gok betart\u00e1sa ut\u00e1n m\u00e9g marad z\u00f6ldfel\u00fclet, kert.<br \/> &#8211; Ahov\u00e1 szem\u00e9ly \u00e9s teheraut\u00f3val is be lehet \u00e1llni.<\/p>\n<p>[\/et_pb_toggle][et_pb_toggle title=&#8221;10. l\u00e9p\u00e9s &#8211; Hol \u00e9s milyen min\u0151s\u00e9g\u0171 legyen a telek? Ha j\u00f3 helyen \u00e9p\u00edtkezik, az \u00d6n \u00e1ltal befektetett 1 Ft, m\u00e1r a meg\u00e9p\u00edt\u00e9s pillanat\u00e1ban 2 Ft-ot \u00e9rhet!- M\u00e1r ehhez is m\u00e9rn\u00f6k tan\u00e1csad\u00e1s sz\u00fcks\u00e9ges!&#8221; open_toggle_text_color=&#8221;#1f3777&#8243; open_toggle_background_color=&#8221;#e8e9f1&#8243; closed_toggle_text_color=&#8221;#1f3777&#8243; icon_color=&#8221;#1f3777&#8243; _builder_version=&#8221;4.6.6&#8243; _module_preset=&#8221;default&#8221; title_text_color=&#8221;#1f3777&#8243; title_font=&#8221;Montserrat|600|||||||&#8221; title_font_size=&#8221;18px&#8221; title_line_height=&#8221;1.6em&#8221; closed_title_font=&#8221;Montserrat|600|||||||&#8221; closed_title_font_size=&#8221;18px&#8221; closed_title_line_height=&#8221;1.6em&#8221; body_font=&#8221;Montserrat||||||||&#8221; body_font_size=&#8221;16px&#8221; body_line_height=&#8221;1.6em&#8221; box_shadow_style=&#8221;preset1&#8243;]<\/p>\n<p><span style=\"font-weight: 400;\">Hol \u00e9s milyen min\u0151s\u00e9g\u0171 legyen a telek? Ha j\u00f3 helyen \u00e9p\u00edtkezik, az \u00d6n \u00e1ltal befektetett 1 Ft, m\u00e1r a meg\u00e9p\u00edt\u00e9s pillanat\u00e1ban 2 Ft-ot \u00e9rhet!- <\/span><b>M\u00e1r ehhez is m\u00e9rn\u00f6k tan\u00e1csad\u00e1s sz\u00fcks\u00e9ges!<\/b><\/p>\n<p><span style=\"font-weight: 400;\">Ugye \u00d6n sem akarja azt, hogy ha el kell adnia valami\u00e9rt a h\u00e1z\u00e1t, az \u00bd \u00e9t \u00e9rje annak, mint amennyi\u00e9rt fel\u00e9p\u00edtette. Ehhez is min\u00e9l el\u0151bb be kell vonni az \u00e9p\u00edt\u00e9szt, pontos tervez\u00e9si programot k\u00e9sz\u00edteni, ut\u00e1na j\u00e1rni a kiv\u00e1lasztott ter\u00fclet r\u00f6vid, k\u00f6z\u00e9p, hossz\u00fa t\u00e1v\u00fa fejleszt\u00e9si terveinek.<\/span><\/p>\n<p>[\/et_pb_toggle][et_pb_toggle title=&#8221;11. l\u00e9p\u00e9s &#8211; M\u00e1r a telekv\u00e1s\u00e1rl\u00e1sn\u00e1l eld\u0151lhet; milli\u00f3kat takar\u00edt meg, vagy k\u00f6lt el f\u00f6l\u00f6slegesen!- M\u00e1r ehhez is m\u00e9rn\u00f6k tan\u00e1csad\u00e1s sz\u00fcks\u00e9ges.&#8221; open_toggle_text_color=&#8221;#1f3777&#8243; open_toggle_background_color=&#8221;#e8e9f1&#8243; closed_toggle_text_color=&#8221;#1f3777&#8243; icon_color=&#8221;#1f3777&#8243; _builder_version=&#8221;4.6.6&#8243; _module_preset=&#8221;default&#8221; title_text_color=&#8221;#1f3777&#8243; title_font=&#8221;Montserrat|600|||||||&#8221; title_font_size=&#8221;18px&#8221; title_line_height=&#8221;1.6em&#8221; closed_title_font=&#8221;Montserrat|600|||||||&#8221; closed_title_font_size=&#8221;18px&#8221; closed_title_line_height=&#8221;1.6em&#8221; body_font=&#8221;Montserrat||||||||&#8221; body_font_size=&#8221;16px&#8221; body_line_height=&#8221;1.6em&#8221; box_shadow_style=&#8221;preset1&#8243;]<\/p>\n<p>M\u00e1r a telekv\u00e1s\u00e1rl\u00e1sn\u00e1l eld\u0151lhet; milli\u00f3kat takar\u00edt meg, vagy k\u00f6lt el f\u00f6l\u00f6slegesen!- <strong>M\u00e1r ehhez is m\u00e9rn\u00f6k tan\u00e1csad\u00e1s sz\u00fcks\u00e9ges.<\/strong><\/p>\n<p><span style=\"font-weight: 400;\">Amit\u0151l rohanni kezdenek a milli\u00f3k:<\/span><\/p>\n<ul>\n<li style=\"font-weight: 400;\"><span style=\"font-weight: 400;\">Ha t\u00fal meredek a telek:<\/span><\/li>\n<\/ul>\n<p><span style=\"font-weight: 400;\">\u00c9s nem D-i lejt\u0151, vagy nem a legdr\u00e1g\u00e1bb ker\u00fcletekben van, \u00e9s nem rendelkezik \u00f6r\u00f6kpanor\u00e1m\u00e1val, vagy nem a vil\u00e1g legszebb telke, akkor t\u00f6bb milli\u00f3val t\u00f6bbet fog k\u00f6lteni a csal\u00e1dih\u00e1z\u00e1nak a fel\u00e9p\u00edt\u00e9s\u00e9re, mint azt egy enyhe, k\u00f6zel s\u00edk telken tenn\u00e9.<\/span><\/p>\n<ul>\n<li style=\"font-weight: 400;\"><span style=\"font-weight: 400;\">Ha t\u00fal vizeny\u0151s a telek, magasan van a taljv\u00edz:<\/span><\/li>\n<\/ul>\n<p><span style=\"font-weight: 400;\">\u00c9s nem a mocs\u00e1ri tekn\u0151s\u00f6k \u00e9s a v\u00edzi madarak \u00e9let\u00e9t megfigyel\u0151 kunyh\u00f3t \u00e9p\u00edt, akkor nagy gondban van!<\/span><\/p>\n<p><span style=\"font-weight: 400;\">&#8211; <\/span> <span style=\"font-weight: 400;\">Speci\u00e1lis alapoz\u00e1sra, v\u00edzszigetel\u00e9sre, felszerkezetre (falak, f\u00f6d\u00e9mek, tet\u0151), utakra \u00e9s k\u00f6zm\u0171 vezet\u00e9kekre, bek\u00f6t\u00e9sekre lesz sz\u00fcks\u00e9ge. \u2013 \u00d6n is tudja, semmi sincs ingyen, ez se!<\/span><\/p>\n<p><span style=\"font-weight: 400;\">&#8211;<\/span> <span style=\"font-weight: 400;\">Ha a telek felt\u00f6lt\u00f6tt, vagy felhagyott b\u00e1nya ter\u00fclet k\u00f6zel\u00e9ben van<\/span><\/p>\n<p><span style=\"font-weight: 400;\">Majdnem ugyan olyan probl\u00e9ma, mint az el\u0151z\u0151ek, csak m\u00e9g t\u00f6bb \u00e9p\u00fcletmozg\u00e1sra sz\u00e1m\u00edthat.<\/span><\/p>\n<ul>\n<li style=\"font-weight: 400;\"><span style=\"font-weight: 400;\">Ha az \u00e9p\u00fclet nem t\u00e1jolhat\u00f3 ide\u00e1lisan:<\/span><\/li>\n<\/ul>\n<p><span style=\"font-weight: 400;\">Az ide\u00e1lis t\u00e1jol\u00e1s: ha mind a 4 \u00e9gt\u00e1j fel\u00e9 t\u00e1jolhat\u00f3 az \u00e9p\u00fclet. \u2013 M\u00e1s \u00e9s m\u00e1s kompromisszumokat kell k\u00f6tnie a szerint, hogy melyik \u00e9gt\u00e1ja hi\u00e1nyzik.<\/span><\/p>\n<p><span style=\"font-weight: 400;\">Ez \u00d6nnek mind plusz \u00e9p\u00edt\u00e9s, \u00e9s f\u0151k\u00e9pp fenntart\u00e1si k\u00f6lts\u00e9geket jelenthet.<\/span><\/p>\n<p>[\/et_pb_toggle][et_pb_toggle title=&#8221;12. l\u00e9p\u00e9s &#8211; A j\u00f3 Tervez\u00e9si Program alapja mindennek! &#8211; M\u00e1r ehhez is m\u00e9rn\u00f6k tan\u00e1csad\u00e1s sz\u00fcks\u00e9ges.&#8221; open_toggle_text_color=&#8221;#1f3777&#8243; open_toggle_background_color=&#8221;#e8e9f1&#8243; closed_toggle_text_color=&#8221;#1f3777&#8243; icon_color=&#8221;#1f3777&#8243; _builder_version=&#8221;4.6.6&#8243; _module_preset=&#8221;default&#8221; title_text_color=&#8221;#1f3777&#8243; title_font=&#8221;Montserrat|600|||||||&#8221; title_font_size=&#8221;18px&#8221; title_line_height=&#8221;1.6em&#8221; closed_title_font=&#8221;Montserrat|600|||||||&#8221; closed_title_font_size=&#8221;18px&#8221; closed_title_line_height=&#8221;1.6em&#8221; body_font=&#8221;Montserrat||||||||&#8221; body_font_size=&#8221;16px&#8221; body_line_height=&#8221;1.6em&#8221; box_shadow_style=&#8221;preset1&#8243;]<\/p>\n<p><span style=\"font-weight: 400;\">A j\u00f3 Tervez\u00e9si Program alapja mindennek! &#8211; <\/span><b>M\u00e1r ehhez is m\u00e9rn\u00f6k tan\u00e1csad\u00e1s sz\u00fcks\u00e9ges.<\/b><\/p>\n<p><span style=\"font-weight: 400;\">Mi m\u00e9g nem l\u00e1ttunk olyan megb\u00edz\u00f3t, aki a saj\u00e1t csal\u00e1dih\u00e1z tervez\u00e9s\u00e9hez ezt egyed\u00fcl, gyakorlott \u00e9p\u00edt\u00e9sz tervez\u0151 seg\u00edts\u00e9ge n\u00e9lk\u00fcl \u00f6ssze tudta volna \u00e1ll\u00edtani. &#8211; B\u00e1r sok intelligens, okos nagy tud\u00e1s\u00fa emberrel volt m\u00e1r dolgunk.<\/span><\/p>\n<p><span style=\"font-weight: 400;\">A j\u00f3, pontos tervez\u00e9si feladat meghat\u00e1roz\u00e1sa n\u00e9lk\u00fcl, a legzseni\u00e1lisabb \u00e9p\u00edt\u00e9sz is csak olyan csal\u00e1dih\u00e1zat tervez \u00d6nnek, amit hamarosan el fog adni, nem lesz igaz\u00e1n az \u00d6n Otthona.<\/span><\/p>\n<p><span style=\"font-weight: 400;\">Mi ebben seg\u00edt\u00fcnk \u00d6nnek,! &#8211; Mint m\u00e9rn\u00f6k\u00f6k, a besz\u00e9lget\u00e9sek, a v\u00e1zlattervek sor\u00e1n, a csal\u00e1di h\u00e1z tervez\u00e9s folyamat\u00e1ban tiszt\u00e1zzuk a t\u00e9nyleges v\u00e1gyakat, \u00e1lmokat \u00e9s harmoniz\u00e1ljuk a mindennapi m\u0171k\u00f6d\u00e9ssel.<\/span><\/p>\n<p><span style=\"font-weight: 400;\">Ezek megval\u00f3s\u00edt\u00e1s\u00e1hoz milli\u00f3kat \u00e9r\u0151 tan\u00e1csokkal l\u00e1tjuk el \u00d6nt!<\/span><\/p>\n<p>[\/et_pb_toggle][et_pb_toggle title=&#8221;13. l\u00e9p\u00e9s &#8211; A j\u00f3 v\u00e1zlattervekkel egy j\u00f3 \u00e9p\u00edt\u00e9sz \u00d6nnek m\u00e1r milli\u00f3kat takar\u00edthat meg a tervez\u00e9s f\u00e1zis\u00e1ban. Hagyjon r\u00e1 el\u00e9g id\u0151t! Az id\u0151 most \u00d6nnek dolgozik! &#8211; M\u00e1r ehhez is m\u00e9rn\u00f6k tervez\u00e9s sz\u00fcks\u00e9ges.&#8221; open_toggle_text_color=&#8221;#1f3777&#8243; open_toggle_background_color=&#8221;#e8e9f1&#8243; closed_toggle_text_color=&#8221;#1f3777&#8243; icon_color=&#8221;#1f3777&#8243; _builder_version=&#8221;4.6.6&#8243; _module_preset=&#8221;default&#8221; title_text_color=&#8221;#1f3777&#8243; title_font=&#8221;Montserrat|600|||||||&#8221; title_font_size=&#8221;18px&#8221; title_line_height=&#8221;1.6em&#8221; closed_title_font=&#8221;Montserrat|600|||||||&#8221; closed_title_font_size=&#8221;18px&#8221; closed_title_line_height=&#8221;1.6em&#8221; body_font=&#8221;Montserrat||||||||&#8221; body_font_size=&#8221;16px&#8221; body_line_height=&#8221;1.6em&#8221; box_shadow_style=&#8221;preset1&#8243;]<\/p>\n<p><span style=\"font-weight: 400;\">A j\u00f3 v\u00e1zlattervekkel egy j\u00f3 \u00e9p\u00edt\u00e9sz \u00d6nnek m\u00e1r milli\u00f3kat takar\u00edthat meg a tervez\u00e9s f\u00e1zis\u00e1ban. \u2013 Hagyjon r\u00e1 el\u00e9g id\u0151t! \u2013 Az id\u0151 most \u00d6nnek dolgozik! &#8211; <\/span><b>M\u00e1r ehhez is m\u00e9rn\u00f6k tervez\u00e9s sz\u00fcks\u00e9ges.<\/b><\/p>\n<p><span style=\"font-weight: 400;\">B\u00e1rki tud gyorsan tervet adni \u00f6nnek (pl. fi\u00f3kb\u00f3l, katal\u00f3gusb\u00f3l, \u00fajs\u00e1gb\u00f3l kin\u00e9zve), \u2013 De az biztosan nem az \u00d6n Csal\u00e1di h\u00e1za, Otthona lesz!<\/span><\/p>\n<p><span style=\"font-weight: 400;\">Ruh\u00e1t, \u00f6lt\u00f6nyt, cip\u0151t is ugye \u00fagy vesz; hogy t\u00f6bbet felpr\u00f3b\u00e1l, napokig, hetekig keresg\u00e9l mire megvesz egyet, \u00e9s az csak 10-20 eFt. A csal\u00e1di h\u00e1z; 20-30 Milli\u00f3 Ft!. Lehet, hogy \u00d6nnek is meg\u00e9r egy j\u00f3 v\u00e1zlatterv 1-2 h\u00f3napot? Pl\u00e1ne ha ezzel milli\u00f3kat takar\u00edthat meg?<\/span><\/p>\n<p>[\/et_pb_toggle][et_pb_toggle title=&#8221;14. l\u00e9p\u00e9s &#8211; A v\u00e1zlattervet \u00e9s a k\u00e9sz v\u00e1zlatterveket egyeztesse le az \u00e9p\u00edt\u00e9si hat\u00f3s\u00e1gn\u00e1l, ha kell a f\u0151\u00e9p\u00edt\u00e9szn\u00e9l,a helyi \u00d6nkorm\u00e1nyzat telep\u00fcl\u00e9sk\u00e9pi konzult\u00e1ci\u00f3n\u00e1l!- M\u00e1r ehhez is m\u00e9rn\u00f6k tan\u00e1csad\u00e1s sz\u00fcks\u00e9ges.&#8221; open_toggle_text_color=&#8221;#1f3777&#8243; open_toggle_background_color=&#8221;#e8e9f1&#8243; closed_toggle_text_color=&#8221;#1f3777&#8243; icon_color=&#8221;#1f3777&#8243; _builder_version=&#8221;4.6.6&#8243; _module_preset=&#8221;default&#8221; title_text_color=&#8221;#1f3777&#8243; title_font=&#8221;Montserrat|600|||||||&#8221; title_font_size=&#8221;18px&#8221; title_line_height=&#8221;1.6em&#8221; closed_title_font=&#8221;Montserrat|600|||||||&#8221; closed_title_font_size=&#8221;18px&#8221; closed_title_line_height=&#8221;1.6em&#8221; body_font=&#8221;Montserrat||||||||&#8221; body_font_size=&#8221;16px&#8221; body_line_height=&#8221;1.6em&#8221; box_shadow_style=&#8221;preset1&#8243;]<\/p>\n<p><span style=\"font-weight: 400;\">A v\u00e1zlattervet \u00e9s a k\u00e9sz v\u00e1zlatterveket egyeztesse le az \u00e9p\u00edt\u00e9si hat\u00f3s\u00e1gn\u00e1l, ha kell a f\u0151\u00e9p\u00edt\u00e9szn\u00e9l,a helyi \u00d6nkorm\u00e1nyzat telep\u00fcl\u00e9sk\u00e9pi konzult\u00e1ci\u00f3n\u00e1l!- <\/span><b>M\u00e1r ehhez is m\u00e9rn\u00f6k tan\u00e1csad\u00e1s sz\u00fcks\u00e9ges.<\/b><\/p>\n<p><span style=\"font-weight: 400;\">Ezt, Mi az \u00e9p\u00edt\u00e9sz tervez\u00e9ssel, az \u00d6n csal\u00e1di h\u00e1z tervez\u00e9s\u00e9vel megb\u00edzott szakemberk\u00e9nt megtessz\u00fck, de a mi gyakorlati tapasztalatunk az, j\u00f3 ha \u00d6n is elk\u00eds\u00e9ri az \u00e9p\u00edt\u00e9sz\u00e9t, pl. benn\u00fcnket ezekre az egyeztet\u00e9sekre, \u00edgy \u00e9rdekeit egy\u00fcttesen tudjuk k\u00e9pviselni.<\/span><\/p>\n<p>[\/et_pb_toggle][et_pb_toggle title=&#8221;15. l\u00e9p\u00e9s &#8211; Fedje fel a b\u00fcdzs\u00e9j\u00e9t az \u00e9p\u00edt\u00e9sz el\u0151tt m\u00e1r a tervez\u00e9si program, illetve, a v\u00e1zlattervek k\u00e9sz\u00edt\u00e9s\u00e9n\u00e9l!- M\u00e1r ehhez is m\u00e9rn\u00f6k tan\u00e1csad\u00e1s sz\u00fcks\u00e9ges.&#8221; open_toggle_text_color=&#8221;#1f3777&#8243; open_toggle_background_color=&#8221;#e8e9f1&#8243; closed_toggle_text_color=&#8221;#1f3777&#8243; icon_color=&#8221;#1f3777&#8243; _builder_version=&#8221;4.6.6&#8243; _module_preset=&#8221;default&#8221; title_text_color=&#8221;#1f3777&#8243; title_font=&#8221;Montserrat|600|||||||&#8221; title_font_size=&#8221;18px&#8221; title_line_height=&#8221;1.6em&#8221; closed_title_font=&#8221;Montserrat|600|||||||&#8221; closed_title_font_size=&#8221;18px&#8221; closed_title_line_height=&#8221;1.6em&#8221; body_font=&#8221;Montserrat||||||||&#8221; body_font_size=&#8221;16px&#8221; body_line_height=&#8221;1.6em&#8221; box_shadow_style=&#8221;preset1&#8243;]<\/p>\n<p><span style=\"font-weight: 400;\">Fedje fel a b\u00fcdzs\u00e9j\u00e9t az \u00e9p\u00edt\u00e9sz el\u0151tt m\u00e1r a tervez\u00e9si program, illetve, a v\u00e1zlattervek k\u00e9sz\u00edt\u00e9s\u00e9n\u00e9l!- <\/span><b>M\u00e1r ehhez is m\u00e9rn\u00f6k tan\u00e1csad\u00e1s sz\u00fcks\u00e9ges.<\/b><\/p>\n<p><span style=\"font-weight: 400;\">Ha Az \u00c9p\u00edt\u00e9sz a csal\u00e1di h\u00e1z tervez\u00e9s k\u00f6zben nem tudja,\u00a0mib\u0151l gazd\u00e1lkodhat, akkor \u00d6n mib\u0151l \u00e9s kit\u0151l fogja megtudni el\u00e9g lesz-e a p\u00e9nze?<\/span><\/p>\n<p><span style=\"font-weight: 400;\">Az az \u00e9p\u00edt\u00e9sz, akit ez a csal\u00e1di h\u00e1z tervez\u00e9s legelej\u00e9n nem \u00e9rdekel, \u00e9s folyamatosan nem tartja ezt szem el\u0151tt, az \u201enagyon dr\u00e1g\u00e1n tervez\u201d, akkor az \u00d6n h\u00e1za sok milli\u00f3val meghaladhatja az eredetileg \u00d6n \u00e1ltal tervezett p\u00e9nz\u00fcgyi kereteket. \u2013 \u00cdgy lesz az olcs\u00f3 \u00e9p\u00edt\u00e9sz &#8221; dr\u00e1ga j\u00f3 ember &#8220;.<\/span><\/p>\n<p><span style=\"font-weight: 400;\">\u00c9s az a Megb\u00edz\u00f3, aki nem ad pontos v\u00e1laszt \u00e9s ak\u00e1r f\u00f6lfel\u00e9, ak\u00e1r lefel\u00e9 elferd\u00edtett \u00f6sszeget k\u00f6z\u00f6l az \u00e9p\u00edt\u00e9sz\u00e9vel, ugyan \u00edgy nagyon p\u00f3rul j\u00e1rhat.<\/span><\/p>\n<p>[\/et_pb_toggle][et_pb_toggle title=&#8221;16. l\u00e9p\u00e9s &#8211; Optimaliz\u00e1lja csal\u00e1di h\u00e1za alapter\u00fclet\u00e9t! &#8211; M\u00e1r ehhez is m\u00e9rn\u00f6k tan\u00e1csad\u00e1s sz\u00fcks\u00e9ges.&#8221; open_toggle_text_color=&#8221;#1f3777&#8243; open_toggle_background_color=&#8221;#e8e9f1&#8243; closed_toggle_text_color=&#8221;#1f3777&#8243; icon_color=&#8221;#1f3777&#8243; _builder_version=&#8221;4.6.6&#8243; _module_preset=&#8221;default&#8221; title_text_color=&#8221;#1f3777&#8243; title_font=&#8221;Montserrat|600|||||||&#8221; title_font_size=&#8221;18px&#8221; title_line_height=&#8221;1.6em&#8221; closed_title_font=&#8221;Montserrat|600|||||||&#8221; closed_title_font_size=&#8221;18px&#8221; closed_title_line_height=&#8221;1.6em&#8221; body_font=&#8221;Montserrat||||||||&#8221; body_font_size=&#8221;16px&#8221; body_line_height=&#8221;1.6em&#8221; box_shadow_style=&#8221;preset1&#8243;]<\/p>\n<p><span style=\"font-weight: 400;\">Optimaliz\u00e1lja csal\u00e1di h\u00e1za alapter\u00fclet\u00e9t! &#8211; <\/span><b>M\u00e1r ehhez is m\u00e9rn\u00f6k tan\u00e1csad\u00e1s sz\u00fcks\u00e9ges.<\/b><\/p>\n<p><span style=\"font-weight: 400;\">Minden plusz n\u00e9gyzetm\u00e9ter, minimum plusz 300 -350 eezer Ft\/ m2 beruh\u00e1z\u00e1si k\u00f6lts\u00e9get jelen \u00d6nnek. Ha azt hiszi, \u00d6n enn\u00e9l j\u00f3val kevesebb\u0151l is ki tudja hozni, akkor valamit kifelejtett a sz\u00e1m\u00edt\u00e1sb\u00f3l.\u00a0Ne d\u0151lj\u00f6n be a szomsz\u00e9dj\u00e1nak, az ismer\u0151s\u00e9nek, a v\u00e1llalkoz\u00f3nak, aki 4-5 \u00e9ve ennek a fel\u00e9b\u0151l hozta ki. \u2013 Az akkor volt. \u2013 \u00d6n nem tudja, hogy \u0151 mit, kinek, hogyan \u00e9s milyen tartalom\u00e9rt fizetett. A plussz n\u00e9gyzetm\u00e9terek \u00f6sszege a tervez\u00e9si d\u00edj sokszorosa is lehet!<\/span><\/p>\n<p>[\/et_pb_toggle][et_pb_toggle title=&#8221;17. l\u00e9p\u00e9s &#8211; Olyan m\u00e9rn\u00f6k\u00f6t v\u00e1lasszon, aki seg\u00edt eligazodni a jogszab\u00e1lyok dzsungel\u00e9ben! &#8211; M\u00e1r ehhez is m\u00e9rn\u00f6k tan\u00e1csad\u00e1s sz\u00fcks\u00e9ges.&#8221; open_toggle_text_color=&#8221;#1f3777&#8243; open_toggle_background_color=&#8221;#e8e9f1&#8243; closed_toggle_text_color=&#8221;#1f3777&#8243; icon_color=&#8221;#1f3777&#8243; _builder_version=&#8221;4.6.6&#8243; _module_preset=&#8221;default&#8221; title_text_color=&#8221;#1f3777&#8243; title_font=&#8221;Montserrat|600|||||||&#8221; title_font_size=&#8221;18px&#8221; title_line_height=&#8221;1.6em&#8221; closed_title_font=&#8221;Montserrat|600|||||||&#8221; closed_title_font_size=&#8221;18px&#8221; closed_title_line_height=&#8221;1.6em&#8221; body_font=&#8221;Montserrat||||||||&#8221; body_font_size=&#8221;16px&#8221; body_line_height=&#8221;1.6em&#8221; box_shadow_style=&#8221;preset1&#8243;]<\/p>\n<p><span style=\"font-weight: 400;\">Olyan m\u00e9rn\u00f6k\u00f6t v\u00e1lasszon, aki seg\u00edt eligazodni a jogszab\u00e1lyok dzsungel\u00e9ben! &#8211; <\/span><b>M\u00e1r ehhez is m\u00e9rn\u00f6k tan\u00e1csad\u00e1s sz\u00fcks\u00e9ges.<\/b><\/p>\n<p><span style=\"font-weight: 400;\">Ha a Tervez\u0151 nem v\u00e1llalja a hivatali \u00fcgyint\u00e9z\u00e9st \u00e9s \u00d6nnek kell ezt megtenni, akkor komoly gondban van. \u2013 Jobb ha m\u00e1st keres.<\/span><\/p>\n<p><span style=\"font-weight: 400;\">Mi \u00d6n helyett felv\u00e1llaljuk az id\u0151ig\u00e9nyes, az \u00e9p\u00edt\u00e9szeti, m\u00e9rn\u00f6ki, szakmai jogi ismereteket ig\u00e9nyl\u0151 szakmai \u00fcgyint\u00e9z\u00e9st. &#8211; \u00cdgy \u00d6n k\u00e9nyelmesen v\u00e1rhatja a post\u00e1st.\u00a0Mi elint\u00e9zz\u00fck \u00d6nnek a joger\u0151s \u00e9p\u00edt\u00e9si enged\u00e9lyt.<\/span><\/p>\n<p>[\/et_pb_toggle][et_pb_toggle title=&#8221;18. l\u00e9p\u00e9s &#8211; Vigy\u00e1zat, csak joger\u0151s \u00e9s \u00e9rv\u00e9nyes \u00e9p\u00edt\u00e9si enged\u00e9ly birtok\u00e1ban kezdheti meg \u00e9p\u00edtkez\u00e9s\u00e9t!- M\u00e1r ehhez is m\u00e9rn\u00f6k tan\u00e1csad\u00e1s sz\u00fcks\u00e9ges.&#8221; open_toggle_text_color=&#8221;#1f3777&#8243; open_toggle_background_color=&#8221;#e8e9f1&#8243; closed_toggle_text_color=&#8221;#1f3777&#8243; icon_color=&#8221;#1f3777&#8243; _builder_version=&#8221;4.6.6&#8243; _module_preset=&#8221;default&#8221; title_text_color=&#8221;#1f3777&#8243; title_font=&#8221;Montserrat|600|||||||&#8221; title_font_size=&#8221;18px&#8221; title_line_height=&#8221;1.6em&#8221; closed_title_font=&#8221;Montserrat|600|||||||&#8221; closed_title_font_size=&#8221;18px&#8221; closed_title_line_height=&#8221;1.6em&#8221; body_font=&#8221;Montserrat||||||||&#8221; body_font_size=&#8221;16px&#8221; body_line_height=&#8221;1.6em&#8221; box_shadow_style=&#8221;preset1&#8243;]<\/p>\n<p><span style=\"font-weight: 400;\">Vigy\u00e1zat, csak joger\u0151s \u00e9s \u00e9rv\u00e9nyes \u00e9p\u00edt\u00e9si enged\u00e9ly birtok\u00e1ban kezdheti meg \u00e9p\u00edtkez\u00e9s\u00e9t!- <\/span><b>M\u00e1r ehhez is m\u00e9rn\u00f6k tan\u00e1csad\u00e1s sz\u00fcks\u00e9ges.<\/b><\/p>\n<p><span style=\"font-weight: 400;\">\u00c9s ne feledkezzen meg, bejelenteni az \u00e9p\u00edtkez\u00e9s megkezd\u00e9s\u00e9t, mert e n\u00e9lk\u00fcl is enged\u00e9lyn\u00e9lk\u00fcli \u00e9p\u00edt\u00e9si tev\u00e9kenys\u00e9get v\u00e9gez, melynek b\u00fcntet\u00e9si t\u00e9tele 100 ezres, milli\u00f3s nagys\u00e1grend\u0171 is lehet. <\/span><\/p>\n<p><span style=\"font-weight: 400;\">\u2013 Figyelmesen olvassa el a hat\u00e1rozatot \u00e9s \u00edrja fel a hat\u00e1rid\u0151 napl\u00f3j\u00e1ba mikor j\u00e1r le, mikor kell meghosszabb\u00edtani. <\/span><\/p>\n<p><span style=\"font-weight: 400;\">&#8211; Ha lej\u00e1rt \u00e9s nem hosszabb\u00edtotta meg, akkor \u00fajra kell k\u00e9rni az \u00e9p\u00edt\u00e9si enged\u00e9lyt, ami a plusz k\u00f6lts\u00e9geken k\u00edv\u00fcl, egy sereg m\u00e1s probl\u00e9m\u00e1t is hozhat \u00d6nnek.<\/span><\/p>\n<p>[\/et_pb_toggle][et_pb_toggle title=&#8221;19. l\u00e9p\u00e9s &#8211; A kivitelez\u0151 kiv\u00e1laszt\u00e1s\u00e1n\u00e1l, m\u00e1r legyen \u00d6nnek saj\u00e1t m\u0171szaki ellen\u0151re!- M\u00e1r ehhez is m\u00e9rn\u00f6k tan\u00e1csad\u00e1s sz\u00fcks\u00e9ges.&#8221; open_toggle_text_color=&#8221;#1f3777&#8243; open_toggle_background_color=&#8221;#e8e9f1&#8243; closed_toggle_text_color=&#8221;#1f3777&#8243; icon_color=&#8221;#1f3777&#8243; _builder_version=&#8221;4.6.6&#8243; _module_preset=&#8221;default&#8221; title_text_color=&#8221;#1f3777&#8243; title_font=&#8221;Montserrat|600|||||||&#8221; title_font_size=&#8221;18px&#8221; title_line_height=&#8221;1.6em&#8221; closed_title_font=&#8221;Montserrat|600|||||||&#8221; closed_title_font_size=&#8221;18px&#8221; closed_title_line_height=&#8221;1.6em&#8221; body_font=&#8221;Montserrat||||||||&#8221; body_font_size=&#8221;16px&#8221; body_line_height=&#8221;1.6em&#8221; box_shadow_style=&#8221;preset1&#8243;]<\/p>\n<p><span style=\"font-weight: 400;\">A kivitelez\u0151 kiv\u00e1laszt\u00e1s\u00e1n\u00e1l, m\u00e1r legyen \u00d6nnek saj\u00e1t m\u0171szaki ellen\u0151re!- <\/span><b>M\u00e1r ehhez is m\u00e9rn\u00f6k tan\u00e1csad\u00e1s sz\u00fcks\u00e9ges.<\/b><\/p>\n<p><span style=\"font-weight: 400;\">A M\u0171szaki Ellen\u0151r az \u00d6n, teljesk\u00f6r\u0171 meghatalmazottja, megb\u00edzottja. <\/span><\/p>\n<p><span style=\"font-weight: 400;\">\u2013 Teljes jogk\u00f6rrel k\u00e9pviseli \u00d6nt, az \u00c9p\u00edt\u00e9si V\u00e1llalkoz\u00f3 \u00e9s alv\u00e1llalkoz\u00f3i fel\u00e9. <\/span><\/p>\n<p><span style=\"font-weight: 400;\">\u2013 Nem keverend\u0151 \u00f6ssze a Felel\u0151s M\u0171szaki Vezet\u0151vel! <\/span><span style=\"font-weight: 400;\">\u0150 a kivitelez\u0151 embere, kv\u00e1zi \u0151 az \u00e9p\u00edt\u00e9svezet\u0151, azaz a v\u00e1llalkoz\u00f3 \u00e9rdekeit k\u00e9pviseli \u00e9s nem az \u00d6n\u00e9t! Teh\u00e1t az \u00d6n embere a M\u0171szaki Ellen\u0151r \u00e9s az \u00e9p\u00edt\u00e9sze!<\/span><\/p>\n<p><span style=\"font-weight: 400;\">A M\u0171szaki Ellen\u0151r seg\u00edt kiv\u00e1lasztani a megfelel\u0151 kivitelez\u0151t a csal\u00e1di h\u00e1z fel\u00e9p\u00edt\u00e9s\u00e9hez. <\/span><\/p>\n<p><span style=\"font-weight: 400;\">&#8211; Ellen\u0151rzi a szakszer\u0171s\u00e9get \u00e9s a teljes\u00edt\u00e9st. \u2013 Vigy\u00e1z az \u00d6n p\u00e9nz\u00e9re, az \u00e9p\u00edt\u00e9s min\u0151s\u00e9g\u00e9re, a garanci\u00e1k teljes\u00fcl\u00e9s\u00e9re. <\/span><\/p>\n<p><span style=\"font-weight: 400;\">\u2013 Az \u00d6n \u00e9rdekeit k\u00e9pviseli eg\u00e9szen az \u00e9p\u00edtkez\u00e9s befejez\u00e9s\u00e9ig, s\u0151t val\u00f3j\u00e1ban azon t\u00fal is.<\/span><\/p>\n<p>[\/et_pb_toggle][\/et_pb_column][\/et_pb_row][\/et_pb_section][et_pb_section fb_built=&#8221;1&#8243; _builder_version=&#8221;4.6.6&#8243; _module_preset=&#8221;default&#8221; background_color=&#8221;#1f3777&#8243;][et_pb_row _builder_version=&#8221;4.6.6&#8243; _module_preset=&#8221;default&#8221;][et_pb_column type=&#8221;4_4&#8243; _builder_version=&#8221;4.6.6&#8243; _module_preset=&#8221;default&#8221;][et_pb_text _builder_version=&#8221;4.6.6&#8243; _module_preset=&#8221;default&#8221; text_font=&#8221;Montserrat|600|||||||&#8221; text_text_color=&#8221;#ffffff&#8221; text_font_size=&#8221;25px&#8221; text_line_height=&#8221;1.6em&#8221; text_orientation=&#8221;center&#8221;]<\/p>\n<p><span style=\"font-weight: 400;\">Most egy \u00f3ra ingyenes telefonos, vagy szem\u00e9lyes tan\u00e1csad\u00e1ssal seg\u00edt\u00fcnk \u00d6nnek, csal\u00e1di h\u00e1z tervez\u00e9s \u00e9s m\u00e1s m\u00e9rn\u00f6ki szolg\u00e1ltat\u00e1s, \u00fcgyint\u00e9z\u00e9si k\u00e9rd\u00e9sekben!<\/span><\/p>\n<p>[\/et_pb_text][et_pb_button button_url=&#8221;http:\/\/vipinvest.hu\/?page_id=14&#8243; url_new_window=&#8221;on&#8221; button_text=&#8221;Vegye fel vel\u00fcnk a kapcsolatot!&#8221; button_alignment=&#8221;center&#8221; _builder_version=&#8221;4.7.3&#8243; custom_button=&#8221;on&#8221; button_text_size=&#8221;16px&#8221; button_text_color=&#8221;#ffffff&#8221; button_bg_color=&#8221;#f15524&#8243; button_border_width=&#8221;0px&#8221; button_border_color=&#8221;#ff5e14&#8243; button_border_radius=&#8221;3px&#8221; button_font=&#8221;Montserrat|700|||||||&#8221; button_icon=&#8221;%%24%%&#8221; button_icon_color=&#8221;#ffffff&#8221; custom_padding=&#8221;18px|39px|18px|39px|true|true&#8221; button_text_color__hover_enabled=&#8221;on|hover&#8221; button_text_color__hover=&#8221;#ffffff&#8221; button_bg_color__hover_enabled=&#8221;on|hover&#8221; button_bg_color__hover=&#8221;#1f3777&#8243; button_bg_enable_color__hover=&#8221;on&#8221; button_border_color__hover_enabled=&#8221;on|hover&#8221; button_border_color__hover=&#8221;#0e2b5c&#8221; button_letter_spacing__hover_enabled=&#8221;on|desktop&#8221; button_letter_spacing__hover=&#8221;0px&#8221;][\/et_pb_button][\/et_pb_column][\/et_pb_row][\/et_pb_section][et_pb_section fb_built=&#8221;1&#8243; admin_label=&#8221;h\u00edvjon minket szekci\u00f3&#8221; _builder_version=&#8221;4.6.6&#8243; background_enable_image=&#8221;off&#8221; custom_padding=&#8221;102px||90px||false|false&#8221; top_divider_height=&#8221;40px&#8221; top_divider_flip=&#8221;vertical&#8221;][et_pb_row admin_label=&#8221;Reach Us Area&#8221; _builder_version=&#8221;3.25&#8243;][et_pb_column type=&#8221;4_4&#8243; _builder_version=&#8221;3.25&#8243; custom_padding=&#8221;|||&#8221; custom_padding__hover=&#8221;|||&#8221;][et_pb_text admin_label=&#8221;1&#8243; _builder_version=&#8221;4.6.6&#8243; header_2_font=&#8221;Montserrat|700||on|||||&#8221; header_2_text_align=&#8221;center&#8221; header_2_text_color=&#8221;#1f3351&#8243; header_2_font_size=&#8221;30px&#8221; max_width=&#8221;550px&#8221; module_alignment=&#8221;center&#8221; custom_margin=&#8221;||0px|&#8221;]<\/p>\n<h2>H\u00edvjon minket<\/h2>\n<p>[\/et_pb_text][et_pb_divider color=&#8221;#ffffff&#8221; divider_position=&#8221;center&#8221; divider_weight=&#8221;3px&#8221; _builder_version=&#8221;3.17.3&#8243; max_width=&#8221;50px&#8221; module_alignment=&#8221;center&#8221; custom_margin=&#8221;||20px|&#8221;][\/et_pb_divider][et_pb_text _builder_version=&#8221;4.6.6&#8243; text_font=&#8221;Montserrat||||||||&#8221; text_text_color=&#8221;#f15524&#8243; text_font_size=&#8221;15px&#8221; text_line_height=&#8221;1.6em&#8221; text_orientation=&#8221;center&#8221; max_width=&#8221;550px&#8221; module_alignment=&#8221;center&#8221;]<\/p>\n<p>Ha szolg\u00e1ltat\u00e1saink felkeltett\u00e9k az \u00e9rdekl\u0151d\u00e9st, az al\u00e1bbi el\u00e9rhet\u0151s\u00e9geinken keressen minket b\u00e1tran!<\/p>\n<p>[\/et_pb_text][\/et_pb_column][\/et_pb_row][et_pb_row column_structure=&#8221;1_3,1_3,1_3&#8243; use_custom_gutter=&#8221;on&#8221; gutter_width=&#8221;2&#8243; _builder_version=&#8221;3.25&#8243; global_module=&#8221;915&#8243;][et_pb_column type=&#8221;1_3&#8243; _builder_version=&#8221;3.25&#8243; custom_padding=&#8221;|||&#8221; custom_padding__hover=&#8221;|||&#8221;][et_pb_blurb title=&#8221;C\u00edm\u00fcnk&#8221; url=&#8221;http:\/\/vipinvest.hu\/?page_id=14\/#terkep&#8221; use_icon=&#8221;on&#8221; font_icon=&#8221;%%249%%&#8221; icon_color=&#8221;#1f3777&#8243; use_icon_font_size=&#8221;on&#8221; icon_font_size=&#8221;32px&#8221; admin_label=&#8221;1&#8243; _builder_version=&#8221;4.7.3&#8243; header_font=&#8221;Montserrat|700|||||||&#8221; header_text_color=&#8221;#1f3777&#8243; header_font_size=&#8221;20px&#8221; header_line_height=&#8221;1.6em&#8221; body_font=&#8221;Montserrat||||||||&#8221; body_text_color=&#8221;#232528&#8243; body_line_height=&#8221;1.8em&#8221; background_color=&#8221;#ffffff&#8221; text_orientation=&#8221;center&#8221; custom_padding=&#8221;60px|30px|60px|30px&#8221; animation_style=&#8221;fade&#8221; link_option_url=&#8221;http:\/\/vipinvest.hu\/?page_id=14\/#terkep&#8221; box_shadow_style=&#8221;preset1&#8243; box_shadow_color=&#8221;rgba(0,0,0,0.58)&#8221;]<\/p>\n<p>2465 R\u00e1ckereszt\u00far Szegf\u0171 u. 2\/1<\/p>\n<p>[\/et_pb_blurb][\/et_pb_column][et_pb_column type=&#8221;1_3&#8243; _builder_version=&#8221;3.25&#8243; custom_padding=&#8221;|||&#8221; custom_padding__hover=&#8221;|||&#8221;][et_pb_blurb title=&#8221;Telefonsz\u00e1m&#8221; use_icon=&#8221;on&#8221; font_icon=&#8221;%%264%%&#8221; icon_color=&#8221;#1f3777&#8243; use_icon_font_size=&#8221;on&#8221; icon_font_size=&#8221;32px&#8221; admin_label=&#8221;1&#8243; _builder_version=&#8221;4.7.3&#8243; header_font=&#8221;Montserrat|700|||||||&#8221; header_text_color=&#8221;#1f3777&#8243; header_font_size=&#8221;20px&#8221; header_line_height=&#8221;1.6em&#8221; body_font=&#8221;Montserrat||||||||&#8221; body_text_color=&#8221;#232528&#8243; body_line_height=&#8221;1.8em&#8221; background_color=&#8221;#ffffff&#8221; text_orientation=&#8221;center&#8221; custom_padding=&#8221;60px|30px|60px|30px&#8221; animation_style=&#8221;fade&#8221; box_shadow_style=&#8221;preset1&#8243; box_shadow_color=&#8221;rgba(0,0,0,0.58)&#8221;]<\/p>\n<p>+36 20 462 98 36<\/p>\n<p>[\/et_pb_blurb][\/et_pb_column][et_pb_column type=&#8221;1_3&#8243; _builder_version=&#8221;3.25&#8243; custom_padding=&#8221;|||&#8221; custom_padding__hover=&#8221;|||&#8221;][et_pb_blurb title=&#8221;Email&#8221; url=&#8221;http:\/\/vipinvest.hu\/?page_id=14&#8243; use_icon=&#8221;on&#8221; font_icon=&#8221;%%238%%&#8221; icon_color=&#8221;#1f3777&#8243; use_icon_font_size=&#8221;on&#8221; icon_font_size=&#8221;32px&#8221; admin_label=&#8221;1&#8243; _builder_version=&#8221;4.7.3&#8243; header_font=&#8221;Montserrat|700|||||||&#8221; header_text_color=&#8221;#1f3777&#8243; header_font_size=&#8221;20px&#8221; header_line_height=&#8221;1.6em&#8221; body_font=&#8221;Montserrat||||||||&#8221; body_text_color=&#8221;#232528&#8243; body_line_height=&#8221;1.8em&#8221; background_color=&#8221;#ffffff&#8221; text_orientation=&#8221;center&#8221; custom_padding=&#8221;60px|30px|60px|30px&#8221; animation_style=&#8221;fade&#8221; link_option_url=&#8221;http:\/\/vipinvest.hu\/?page_id=14&#8243; box_shadow_style=&#8221;preset1&#8243; box_shadow_color=&#8221;rgba(0,0,0,0.58)&#8221;]<\/p>\n<p>office@vipinvest.hu<\/p>\n<p>[\/et_pb_blurb][\/et_pb_column][\/et_pb_row][\/et_pb_section]<\/p>\n","protected":false},"excerpt":{"rendered":"<p>[et_pb_section fb_built=&#8221;1&#8243; _builder_version=&#8221;4.6.6&#8243; background_color=&#8221;#282828&#8243; use_background_color_gradient=&#8221;on&#8221; background_color_gradient_start=&#8221;#1f3351&#8243; background_color_gradient_end=&#8221;rgba(40,40,40,0.38)&#8221; background_color_gradient_overlays_image=&#8221;on&#8221; background_image=&#8221;http:\/\/vipinvest.hu\/wp-content\/uploads\/2020\/11\/blueprints-01-1-1.jpg&#8221; custom_padding=&#8221;10%|0px|10%|0px|true|false&#8221;][et_pb_row _builder_version=&#8221;3.25&#8243; custom_padding=&#8221;27px|0px|0|0px|false|false&#8221; custom_css_main_element=&#8221;z-index:99999 !important;&#8221;][et_pb_column type=&#8221;4_4&#8243; _builder_version=&#8221;3.25&#8243; custom_padding=&#8221;|||&#8221; custom_padding__hover=&#8221;|||&#8221;][et_pb_text _builder_version=&#8221;4.6.6&#8243; _module_preset=&#8221;default&#8221; header_font=&#8221;Montserrat|700||on|||||&#8221; header_text_align=&#8221;center&#8221; header_text_color=&#8221;#ffffff&#8221; header_font_size=&#8221;40px&#8221; header_line_height=&#8221;1.6em&#8221;] Beruh\u00e1z\u00e1si kisokos [\/et_pb_text][\/et_pb_column][\/et_pb_row][\/et_pb_section][et_pb_section fb_built=&#8221;1&#8243; _builder_version=&#8221;4.6.6&#8243; _module_preset=&#8221;default&#8221;][et_pb_row column_structure=&#8221;2_5,3_5&#8243; _builder_version=&#8221;4.6.6&#8243; _module_preset=&#8221;default&#8221;][et_pb_column type=&#8221;2_5&#8243; _builder_version=&#8221;4.6.6&#8243; _module_preset=&#8221;default&#8221;][et_pb_image src=&#8221;http:\/\/vipinvest.hu\/wp-content\/uploads\/2020\/11\/Canva-Female-Engineer-Holding-Floor-Plan-1-1.jpg&#8221; title_text=&#8221;Canva &#8211; Female Engineer Holding Floor Plan (1) (1)&#8221; _builder_version=&#8221;4.6.6&#8243; _module_preset=&#8221;default&#8221; custom_margin=&#8221;||||false|false&#8221; box_shadow_style=&#8221;preset1&#8243; box_shadow_spread=&#8221;2px&#8221; box_shadow_color=&#8221;#041f51&#8243;][\/et_pb_image][\/et_pb_column][et_pb_column type=&#8221;3_5&#8243; _builder_version=&#8221;4.6.6&#8243; [&hellip;]<\/p>\n","protected":false},"author":1,"featured_media":0,"parent":0,"menu_order":0,"comment_status":"closed","ping_status":"closed","template":"","meta":{"_et_pb_use_builder":"on","_et_pb_old_content":"<!-- wp:paragraph -->\n<p><\/p>\n<!-- \/wp:paragraph -->\n\n<!-- wp:paragraph -->\n<p>Hogyan\ntakar\u00edthat meg \u00d6n Energi\u00e1t, Id\u0151t, P\u00e9nzt?<\/p>\n<!-- \/wp:paragraph -->\n\n<!-- wp:paragraph -->\n<p>K\u00f6vesse\njavasolt l\u00e9p\u00e9seinket!<\/p>\n<!-- \/wp:paragraph -->\n\n<!-- wp:paragraph -->\n<p>Tan\u00e1csainkat\nmegfogadva \u00d6nt megk\u00edm\u00e9lj\u00fck&nbsp;att\u00f3l, hogy ut\u00f3lag kelljen a kelletlens\u00e9gekkel\nszembes\u00fclnie<\/p>\n<!-- \/wp:paragraph -->\n\n<!-- wp:separator -->\n<hr class=\"wp-block-separator\"\/>\n<!-- \/wp:separator -->\n\n<!-- wp:list {\"ordered\":true} -->\n<ol><li>A legels\u0151 l\u00e9p\u00e9s<\/li><\/ol>\n<!-- \/wp:list -->\n\n<!-- wp:paragraph -->\n<p>Ha\nlehet m\u00e1r a telek kiv\u00e1laszt\u00e1sa el\u0151tt tal\u00e1lja meg <strong>m\u00e9rn\u00f6ki tan\u00e1csad\u00f3j\u00e1t<\/strong>.<\/p>\n<!-- \/wp:paragraph -->\n\n<!-- wp:paragraph -->\n<p>Ez\nvonatkozik h\u00e1z \u00e9s lak\u00e1s v\u00e1s\u00e1rl\u00e1s\u00e1ra is, mert egy j\u00f3 szakemberszak\u00e9rt\u0151 j\u00f3val\nt\u00f6bbet l\u00e1t, mint \u00d6n. Tiszt\u00e1ban van a m\u0171szaki \u00e9s \u00e9p\u00edt\u00e9si jogi lehet\u0151s\u00e9gekkel,\nhelyi adotts\u00e1gokat ismerheti.<\/p>\n<!-- \/wp:paragraph -->\n\n<!-- wp:separator -->\n<hr class=\"wp-block-separator\"\/>\n<!-- \/wp:separator -->\n\n<!-- wp:paragraph -->\n<p>2. l\u00e9p\u00e9s<\/p>\n<!-- \/wp:paragraph -->\n\n<!-- wp:paragraph -->\n<p>Tiszt\u00e1zni\nkell a jelenleg \u00e9rv\u00e9nyes \u00e1ltal\u00e1nos \u00e9s helyi \u00e9p\u00edt\u00e9si el\u0151\u00edr\u00e1sokat. \u2013 <strong>M\u00e1r ehhez is m\u00e9rn\u00f6kre van sz\u00fcks\u00e9ge.<\/strong><\/p>\n<!-- \/wp:paragraph -->\n\n<!-- wp:paragraph -->\n<p>Tudnia\nkell, hogy az \u00e9p\u00edt\u00e9si jogszab\u00e1lyok mostan\u00e1ban a helyi el\u0151\u00edr\u00e1sokkal egy\u00fctt is\ngyorsan v\u00e1ltoznak, \u00e9s n\u00e9ha az el\u0151ad\u00f3k se tudj\u00e1k mi v\u00e1ltozott \u00e9ppen meg.<\/p>\n<!-- \/wp:paragraph -->\n\n<!-- wp:separator -->\n<hr class=\"wp-block-separator\"\/>\n<!-- \/wp:separator -->\n\n<!-- wp:paragraph -->\n<p>3. l\u00e9p\u00e9s<\/p>\n<!-- \/wp:paragraph -->\n\n<!-- wp:paragraph -->\n<p>Tiszt\u00e1zza,\nellen\u0151rizze a megv\u00e1s\u00e1roland\u00f3 ingatlan jogi \u00e9s m\u0171szaki, f\u00f6ldhivatali \u00e1llapot\u00e1t.\n- <strong>M\u00e1r ehhez is tan\u00e1csad\u00f3 m\u00e9rn\u00f6kre van\nsz\u00fcks\u00e9ge<\/strong>.<\/p>\n<!-- \/wp:paragraph -->\n\n<!-- wp:paragraph -->\n<p>Ki\nkell v\u00e1ltani, meg kell tekinteni a tulajdoni lapot:<\/p>\n<!-- \/wp:paragraph -->\n\n<!-- wp:paragraph -->\n<p>Kik\nval\u00f3j\u00e1ban a tulajdonosok?<\/p>\n<!-- \/wp:paragraph -->\n\n<!-- wp:paragraph -->\n<p>Van\ne teher az ingatlanon?<\/p>\n<!-- \/wp:paragraph -->\n\n<!-- wp:paragraph -->\n<p>Milyen\n\u00e9s mennyi a teher?<\/p>\n<!-- \/wp:paragraph -->\n\n<!-- wp:paragraph -->\n<p>Terhelt\ne haszon\u00e9lvezeti, vagy szolgalmi joggal?<\/p>\n<!-- \/wp:paragraph -->\n\n<!-- wp:paragraph -->\n<p>Van\ne rajta haszn\u00e1lati meg\u00e1llapod\u00e1s?<\/p>\n<!-- \/wp:paragraph -->\n\n<!-- wp:paragraph -->\n<p>Van\n\u2013e rajta b\u00e1rmilyen forgalomkorl\u00e1toz\u00e1s, el\u0151v\u00e9teli jog?<\/p>\n<!-- \/wp:paragraph -->\n\n<!-- wp:separator -->\n<hr class=\"wp-block-separator\"\/>\n<!-- \/wp:separator -->\n\n<!-- wp:paragraph -->\n<p>4. l\u00e9p\u00e9s<\/p>\n<!-- \/wp:paragraph -->\n\n<!-- wp:paragraph -->\n<p>V\u00e1ltsa\nki az ingatlan helysz\u00ednrajz\u00e1t. Szak\u00e9rt\u0151 szemmel egy\u00fctt n\u00e9zze meg a helysz\u00ednen <strong>\u2013 M\u00e1r ehhez is M\u00e9rn\u00f6ki szolg\u00e1ltat\u00e1s\nsz\u00fcks\u00e9ges<\/strong><\/p>\n<!-- \/wp:paragraph -->\n\n<!-- wp:paragraph -->\n<p>Ellen\u0151rizze,\nhogy a helysz\u00ednrajzon felt\u00fcntetett \u00e9p\u00fcletek, m\u00e9retek \u00e9s a telekhat\u00e1rok\nmegfelelnek \u2013e a val\u00f3s\u00e1gnak. \u2013 Az esetek t\u00f6bbs\u00e9g\u00e9ben, tapasztalatunk szerint az\nal\u00e1bbi probl\u00e9m\u00e1kkal, hi\u00e1nyokkal tal\u00e1lkozik:<\/p>\n<!-- \/wp:paragraph -->\n\n<!-- wp:paragraph -->\n<p>az\n\u00e9p\u00edtm\u00e9nyek nem, vagy csak r\u00e9szben vannak felt\u00fcntetve!<\/p>\n<!-- \/wp:paragraph -->\n\n<!-- wp:paragraph -->\n<p>az\n\u00e9p\u00edtm\u00e9ny, f\u0151\u00e9p\u00fcletnek csak egy r\u00e9sze szerepel a helysz\u00ednrajzon!<\/p>\n<!-- \/wp:paragraph -->\n\n<!-- wp:paragraph -->\n<p>a\ntelekhat\u00e1rok valamelyike nincs a hely\u00e9n!<\/p>\n<!-- \/wp:paragraph -->\n\n<!-- wp:paragraph -->\n<p>a\nszomsz\u00e9dos ingatlanokon sokkal t\u00f6bb \u00e9p\u00fclet van a val\u00f3s\u00e1gban, mint a t\u00e9rk\u00e9pen! A\nszomsz\u00e9d \u00e9p\u00fclete, mell\u00e9k\u00e9p\u00fcletei belel\u00f3gnak a v\u00e9d\u0151 t\u00e1vols\u00e1gba!<\/p>\n<!-- \/wp:paragraph -->\n\n<!-- wp:paragraph -->\n<p>Ha\nezeket nem rendezteti az el\u0151z\u0151 tulajdonossal&nbsp;m\u00e9g a v\u00e9tel\u00e1r teljes\nkifizet\u00e9se, a v\u00e9gleges szerz\u0151d\u00e9s al\u00e1\u00edr\u00e1sa el\u0151tt,&nbsp;az \u00d6nnek t\u00f6bb sz\u00e1zezer,\nvagy milli\u00f3 Forintos plusz k\u00f6lts\u00e9get jelenthet ma m\u00e1r!<br>\nKorl\u00e1tozhatja az \u00d6n \u00e9p\u00edtkez\u00e9s\u00e9t, a tervez\u00e9si folyamatot, t\u00e9rben, id\u0151ben,\nanyagilag egyar\u00e1nt!<\/p>\n<!-- \/wp:paragraph -->\n\n<!-- wp:separator -->\n<hr class=\"wp-block-separator\"\/>\n<!-- \/wp:separator -->\n\n<!-- wp:paragraph -->\n<p>5. l\u00e9p\u00e9s<\/p>\n<!-- \/wp:paragraph -->\n\n<!-- wp:paragraph -->\n<p>Csak\nakkor k\u00f6ss\u00f6n v\u00e9gleges ad\u00e1sv\u00e9teli szerz\u0151d\u00e9st ha az els\u0151 4 l\u00e9p\u00e9s teljes\u00fclt. \u2013\nAzaz vissza az 1. l\u00e9p\u00e9shez! \u2013 <strong>Megvan m\u00e1r\na m\u00e9rn\u00f6ki tan\u00e1csad\u00f3ja<\/strong>?<\/p>\n<!-- \/wp:paragraph -->\n\n<!-- wp:paragraph -->\n<p>Addig\nk\u00f6thet el\u0151szerz\u0151d\u00e9st, v\u00e9teli opci\u00f3t l\u00e9tes\u00edthet, el\u0151legezhet, de ne foglal\u00f3zzon,\ncsak ha t\u00e9nyleg biztos a dolg\u00e1ban. A kis\u00f6rd\u00f6g mindig a r\u00e9szletekben b\u00fajik meg!<\/p>\n<!-- \/wp:paragraph -->\n\n<!-- wp:separator -->\n<hr class=\"wp-block-separator\"\/>\n<!-- \/wp:separator -->\n\n<!-- wp:paragraph -->\n<p>6. l\u00e9p\u00e9s<\/p>\n<!-- \/wp:paragraph -->\n\n<!-- wp:paragraph -->\n<p>Ad\u00e1sv\u00e9teli\nszerz\u0151d\u00e9st, mindig csakis friss tulajdoni lap, helysz\u00ednrajz birtok\u00e1ban, gondos\n\u00e1tvizsg\u00e1l\u00e1s ut\u00e1n k\u00f6ss\u00f6n. \u2013 <strong>M\u00e1r ehhez is\nM\u00e9rn\u00f6ki szolg\u00e1ltat\u00e1s sz\u00fcks\u00e9ges<\/strong><\/p>\n<!-- \/wp:paragraph -->\n\n<!-- wp:paragraph -->\n<p>Az\nelad\u00f3, n\u00e9h\u00e1ny jog\u00e1sz \u00e9s ingatlanforgalmaz\u00f3, laz\u00e1n, k\u00f6nnyed\u00e9n \u00e1tsiklik e felett,\nde \u00d6n ne tegye! \u2013 Ma m\u00e1r a f\u00f6ldhivatal, ak\u00e1r azonnal, 1 nap alatt k\u00e9sz\u00edt v\u00e9teli\nfeljegyz\u00e9st a tulajdoni lapra. Mindig tiszt\u00e1zza az ingatlan k\u00f6zm\u0171 \u00e1llapot\u00e1t!\nt\u00e9nylegesen a Szolg\u00e1ltat\u00f3kkal kell egyeztetni. Egy ingatlant 1 napon bel\u00fcl,\nak\u00e1r t\u00f6bb szem\u00e9lynek is eladhat egy sz\u00e9lh\u00e1mos elad\u00f3. Az Ingatlan k\u00f6zm\u0171\nszolg\u00e1ltat\u00e1si d\u00edjakkal is terhelt lehet!<\/p>\n<!-- \/wp:paragraph -->\n\n<!-- wp:separator -->\n<hr class=\"wp-block-separator\"\/>\n<!-- \/wp:separator -->\n\n<!-- wp:paragraph -->\n<p>7. l\u00e9p\u00e9s<\/p>\n<!-- \/wp:paragraph -->\n\n<!-- wp:paragraph -->\n<p>Az\nad\u00e1sv\u00e9teli szerz\u0151d\u00e9s al\u00e1\u00edr\u00e1s\u00e1t megel\u0151z\u0151en gondosan tanulm\u00e1nyozza \u00e1t a sz\u00f6veget.\nB\u00e1rmit nem \u00e9rt, magyar\u00e1ztassa el!\u2013 <strong>M\u00e1r\nehhez is M\u00e9rn\u00f6ki tan\u00e1csad\u00e1s sz\u00fcks\u00e9ges<\/strong><\/p>\n<!-- \/wp:paragraph -->\n\n<!-- wp:paragraph -->\n<p>Ha\nnem a csal\u00e1dj\u00e1nak, a r\u00e9gi, j\u00f3l bev\u00e1lt, nagytapasztalat\u00fa, megb\u00edzhat\u00f3 \u00fcgyv\u00e9dje\nk\u00e9sz\u00edti a szerz\u0151d\u00e9st, akkor az al\u00e1\u00edr\u00e1st megel\u0151z\u0151en k\u00e9rjen 1-2 napot, vagy hetet\n\u00e9s tanulm\u00e1nyozza \u00e1t az \u00d6n saj\u00e1t \u00fcgyv\u00e9dj\u00e9vel a szerz\u0151d\u00e9st. \u2013 Ha kell \u00e9s az\n\u00fcgyv\u00e9dje azt javasolja, m\u00f3dos\u00edttassa \u00e9s csakis, kiz\u00e1r\u00f3lag abban a form\u00e1ban \u00edrja\nal\u00e1 amit \u0150 javasolt. \u2013 A jogi cs\u0171rcsavarok m\u00e9g a jog\u00e1szokat is megt\u00e9veszthetik,\nh\u00e1t m\u00e9g \u00d6nt.Ne kock\u00e1ztasson milli\u00f3kat, b\u00edzzon mindent szakemberre!<\/p>\n<!-- \/wp:paragraph -->\n\n<!-- wp:separator -->\n<hr class=\"wp-block-separator\"\/>\n<!-- \/wp:separator -->\n\n<!-- wp:paragraph -->\n<p>8. l\u00e9p\u00e9s<\/p>\n<!-- \/wp:paragraph -->\n\n<!-- wp:paragraph -->\n<p>Az\nad\u00e1sv\u00e9teli szerz\u0151d\u00e9s al\u00e1\u00edr\u00e1s\u00e1t k\u00f6vet\u0151en azonnal jegyeztesse be, mag\u00e1t mint\nvev\u0151t a tulajdoni lapra. - <strong>M\u00e1r ehhez is\nM\u00e9rn\u00f6ki szolg\u00e1ltat\u00e1s sz\u00fcks\u00e9ges<\/strong><\/p>\n<!-- \/wp:paragraph -->\n\n<!-- wp:paragraph -->\n<p>Ez\nugyan olyan fontos, mint a friss tulajdoni lap, helysz\u00ednrajz (t\u00e9rk\u00e9pkivonat). \u2013\nEzt el\u0151re tiszt\u00e1zza a jog\u00e1sz\u00e1val, vagy az ad\u00e1sv\u00e9teli szerz\u0151d\u00e9st megfogalmaz\u00f3 \u00e9s\nellenjegyz\u0151 jog\u00e1sszal. \u2013 Ha nem v\u00e1llalj\u00e1k 1 napon bel\u00fcl, vigye ink\u00e1bb \u00d6n be\nm\u00e1snap a F\u00f6ldhivatalba \u00e9s \u00e9rkeztesse. \u2013 Az iratok \u00e1tad\u00e1s\u00e1r\u00f3l legyen bizonylata!\n\u00d6nnek nem kell sorban \u00e1ll\u00e1ss\u00e1l t\u00f6r\u0151dnie!<\/p>\n<!-- \/wp:paragraph -->\n\n<!-- wp:separator -->\n<hr class=\"wp-block-separator\"\/>\n<!-- \/wp:separator -->\n\n<!-- wp:paragraph -->\n<p>9. l\u00e9p\u00e9s<\/p>\n<!-- \/wp:paragraph -->\n\n<!-- wp:paragraph -->\n<p>Milyen\nlegyen a telek form\u00e1ja, m\u00e9rete, t\u00e1jol\u00e1sa? \u2013 <strong>M\u00e1r ehhez is m\u00e9rn\u00f6ki tan\u00e1csad\u00e1s sz\u00fcks\u00e9ges<\/strong><\/p>\n<!-- \/wp:paragraph -->\n\n<!-- wp:paragraph -->\n<p>M\u00e1r\na telekv\u00e1s\u00e1rl\u00e1s el\u0151tt j\u00f3 lenne tudni milyen h\u00e1zat szeretne \u00e9p\u00edteni, mert\nval\u00f3j\u00e1ban ez hat\u00e1rozza meg a telek m\u00e9ret\u00e9t, form\u00e1j\u00e1t. Ez\u00e9rt kell min\u00e9l el\u0151bb\nbevonni a Tervez\u0151t, \u00e9s pontos tervez\u00e9si programot k\u00e9sz\u00edteni.<\/p>\n<!-- \/wp:paragraph -->\n\n<!-- wp:paragraph -->\n<p>Ne\nvegyen:<\/p>\n<!-- \/wp:paragraph -->\n\n<!-- wp:paragraph -->\n<p>-&nbsp;&nbsp;&nbsp;&nbsp;&nbsp;&nbsp;&nbsp; t\u00fal keskeny (8-10 m) telket<\/p>\n<!-- \/wp:paragraph -->\n\n<!-- wp:paragraph -->\n<p>- &nbsp;&nbsp;&nbsp;&nbsp;&nbsp;&nbsp; t\u00fal hossz\u00fa telket<\/p>\n<!-- \/wp:paragraph -->\n\n<!-- wp:paragraph -->\n<p>-&nbsp;&nbsp;&nbsp;&nbsp;&nbsp;&nbsp;&nbsp; h\u00e1romsz\u00f6g alak\u00fa telket<\/p>\n<!-- \/wp:paragraph -->\n\n<!-- wp:paragraph -->\n<p>Csak\nolyan telket vegyen:<\/p>\n<!-- \/wp:paragraph -->\n\n<!-- wp:list -->\n<ul><li>Amin legal\u00e1bb k\u00e9t \u2013 h\u00e1rom\nir\u00e1nyban t\u00e1jolhat\u00f3 az \u00e9p\u00fclet, azaz nyithat rendes m\u00e9ret\u0171 ablakot.<\/li><li>A v\u00e9d\u0151t\u00e1vols\u00e1gok betart\u00e1sa ut\u00e1n\nm\u00e9g marad z\u00f6ldfel\u00fclet, kert.<\/li><li>Ahov\u00e1 szem\u00e9ly \u00e9s teheraut\u00f3val\nis be lehet \u00e1llni.<\/li><\/ul>\n<!-- \/wp:list -->\n\n<!-- wp:paragraph -->\n<p><\/p>\n<!-- \/wp:paragraph -->\n\n<!-- wp:separator -->\n<hr class=\"wp-block-separator\"\/>\n<!-- \/wp:separator -->\n\n<!-- wp:paragraph -->\n<p>Ingyenes\nM\u00e9rn\u00f6k Tan\u00e1csad\u00e1s!<\/p>\n<!-- \/wp:paragraph -->\n\n<!-- wp:paragraph -->\n<p>Hogyan\ntakar\u00edthat meg \u00d6n Energi\u00e1t, Id\u0151t, P\u00e9nzt?<\/p>\n<!-- \/wp:paragraph -->\n\n<!-- wp:paragraph -->\n<p>K\u00f6vesse\njavasolt l\u00e9p\u00e9seinket!<\/p>\n<!-- \/wp:paragraph -->\n\n<!-- wp:paragraph -->\n<p>Tan\u00e1csainkat\nmegfogadva \u00d6nt megk\u00edm\u00e9lj\u00fck&nbsp;att\u00f3l, hogy ut\u00f3lag kelljen a kelletlens\u00e9gekkel\nszembes\u00fclnie<\/p>\n<!-- \/wp:paragraph -->\n\n<!-- wp:separator -->\n<hr class=\"wp-block-separator\"\/>\n<!-- \/wp:separator -->\n\n<!-- wp:paragraph -->\n<p>10. l\u00e9p\u00e9s<\/p>\n<!-- \/wp:paragraph -->\n\n<!-- wp:paragraph -->\n<p>Hol\n\u00e9s milyen min\u0151s\u00e9g\u0171 legyen a telek? Ha j\u00f3 helyen \u00e9p\u00edtkezik, az \u00d6n \u00e1ltal\nbefektetett 1 Ft, m\u00e1r a meg\u00e9p\u00edt\u00e9s pillanat\u00e1ban 2 Ft-ot \u00e9rhet!- <strong>M\u00e1r ehhez is m\u00e9rn\u00f6k tan\u00e1csad\u00e1s sz\u00fcks\u00e9ges<\/strong><\/p>\n<!-- \/wp:paragraph -->\n\n<!-- wp:paragraph -->\n<p>Ugye\n\u00d6n sem akarja azt, hogy ha el kell adnia valami\u00e9rt a h\u00e1z\u00e1t, az \u00bd \u00e9t \u00e9rje annak,\nmint amennyi\u00e9rt fel\u00e9p\u00edtette. Ehhez is min\u00e9l el\u0151bb be kell vonni az \u00e9p\u00edt\u00e9szt,\npontos tervez\u00e9si programot k\u00e9sz\u00edteni, ut\u00e1na j\u00e1rni a kiv\u00e1lasztott ter\u00fclet r\u00f6vid,\nk\u00f6z\u00e9p, hossz\u00fa t\u00e1v\u00fa fejleszt\u00e9si terveinek.<\/p>\n<!-- \/wp:paragraph -->\n\n<!-- wp:separator -->\n<hr class=\"wp-block-separator\"\/>\n<!-- \/wp:separator -->\n\n<!-- wp:paragraph -->\n<p>11. l\u00e9p\u00e9s<\/p>\n<!-- \/wp:paragraph -->\n\n<!-- wp:paragraph -->\n<p>M\u00e1r\na telekv\u00e1s\u00e1rl\u00e1sn\u00e1l eld\u0151lhet; milli\u00f3kat takar\u00edt meg, vagy k\u00f6lt el f\u00f6l\u00f6slegesen!-\n<strong>M\u00e1r ehhez is m\u00e9rn\u00f6k tan\u00e1csad\u00e1s sz\u00fcks\u00e9ges<\/strong><\/p>\n<!-- \/wp:paragraph -->\n\n<!-- wp:paragraph -->\n<p>Amit\u0151l\nrohanni kezdenek a milli\u00f3k:<\/p>\n<!-- \/wp:paragraph -->\n\n<!-- wp:list -->\n<ul><li>Ha t\u00fal meredek a telek:<\/li><\/ul>\n<!-- \/wp:list -->\n\n<!-- wp:paragraph -->\n<p>\u00c9s\nnem D-i lejt\u0151, vagy nem a legdr\u00e1g\u00e1bb ker\u00fcletekben van, \u00e9s nem rendelkezik\n\u00f6r\u00f6kpanor\u00e1m\u00e1val, vagy nem a vil\u00e1g legszebb telke, akkor t\u00f6bb milli\u00f3val t\u00f6bbet\nfog k\u00f6lteni a csal\u00e1dih\u00e1z\u00e1nak a fel\u00e9p\u00edt\u00e9s\u00e9re, mint azt egy enyhe, k\u00f6zel s\u00edk\ntelken tenn\u00e9.<\/p>\n<!-- \/wp:paragraph -->\n\n<!-- wp:list -->\n<ul><li>Ha t\u00fal vizeny\u0151s a telek,\nmagasan van a taljv\u00edz:<\/li><\/ul>\n<!-- \/wp:list -->\n\n<!-- wp:paragraph -->\n<p>\u00c9s\nnem a mocs\u00e1ri tekn\u0151s\u00f6k \u00e9s a v\u00edzi madarak \u00e9let\u00e9t megfigyel\u0151 kunyh\u00f3t \u00e9p\u00edt, akkor\nnagy gondban van!<\/p>\n<!-- \/wp:paragraph -->\n\n<!-- wp:paragraph -->\n<p>- &nbsp; Speci\u00e1lis alapoz\u00e1sra, v\u00edzszigetel\u00e9sre, felszerkezetre (falak,\nf\u00f6d\u00e9mek, tet\u0151), utakra \u00e9s k\u00f6zm\u0171 vezet\u00e9kekre, bek\u00f6t\u00e9sekre lesz sz\u00fcks\u00e9ge. \u2013 \u00d6n is\ntudja, semmi sincs ingyen, ez se!<\/p>\n<!-- \/wp:paragraph -->\n\n<!-- wp:paragraph -->\n<p>-&nbsp;&nbsp;&nbsp;&nbsp;&nbsp;&nbsp;&nbsp; Ha a telek felt\u00f6lt\u00f6tt, vagy felhagyott\nb\u00e1nya ter\u00fclet k\u00f6zel\u00e9ben van<\/p>\n<!-- \/wp:paragraph -->\n\n<!-- wp:paragraph -->\n<p>Majdnem\nugyan olyan probl\u00e9ma, mint az el\u0151z\u0151ek, csak m\u00e9g t\u00f6bb \u00e9p\u00fcletmozg\u00e1sra sz\u00e1m\u00edthat.<\/p>\n<!-- \/wp:paragraph -->\n\n<!-- wp:list -->\n<ul><li>Ha az \u00e9p\u00fclet nem t\u00e1jolhat\u00f3\nide\u00e1lisan:<\/li><\/ul>\n<!-- \/wp:list -->\n\n<!-- wp:paragraph -->\n<p>Az\nide\u00e1lis t\u00e1jol\u00e1s: ha mind a 4 \u00e9gt\u00e1j fel\u00e9 t\u00e1jolhat\u00f3 az \u00e9p\u00fclet. \u2013 M\u00e1s \u00e9s m\u00e1s\nkompromisszumokat kell k\u00f6tnie a szerint, hogy melyik \u00e9gt\u00e1ja hi\u00e1nyzik.<\/p>\n<!-- \/wp:paragraph -->\n\n<!-- wp:paragraph -->\n<p>Ez\n\u00d6nnek mind plusz \u00e9p\u00edt\u00e9s, \u00e9s f\u0151k\u00e9pp fenntart\u00e1si k\u00f6lts\u00e9geket jelenthet.<\/p>\n<!-- \/wp:paragraph -->\n\n<!-- wp:separator -->\n<hr class=\"wp-block-separator\"\/>\n<!-- \/wp:separator -->\n\n<!-- wp:paragraph -->\n<p>12. l\u00e9p\u00e9s<\/p>\n<!-- \/wp:paragraph -->\n\n<!-- wp:paragraph -->\n<p>A\nj\u00f3 Tervez\u00e9si Program alapja mindennek! !- <strong>M\u00e1r\nehhez is m\u00e9rn\u00f6k tan\u00e1csad\u00e1s sz\u00fcks\u00e9ges<\/strong><\/p>\n<!-- \/wp:paragraph -->\n\n<!-- wp:paragraph -->\n<p>Mi\nm\u00e9g nem l\u00e1ttunk olyan megb\u00edz\u00f3t, aki a saj\u00e1t csal\u00e1dih\u00e1z tervez\u00e9s\u00e9hez ezt\negyed\u00fcl, gyakorlott \u00e9p\u00edt\u00e9sz tervez\u0151 seg\u00edts\u00e9ge n\u00e9lk\u00fcl \u00f6ssze tudta volna\n\u00e1ll\u00edtani. - B\u00e1r sok intelligens, okos nagy tud\u00e1s\u00fa emberrel volt m\u00e1r dolgunk.<\/p>\n<!-- \/wp:paragraph -->\n\n<!-- wp:paragraph -->\n<p>A\nj\u00f3, pontos tervez\u00e9si feladat meghat\u00e1roz\u00e1sa n\u00e9lk\u00fcl, a legzseni\u00e1lisabb \u00e9p\u00edt\u00e9sz is\ncsak olyan csal\u00e1dih\u00e1zat tervez \u00d6nnek, amit hamarosan el fog adni, nem lesz\nigaz\u00e1n az \u00d6n Otthona.<\/p>\n<!-- \/wp:paragraph -->\n\n<!-- wp:paragraph -->\n<p>Mi\nebben seg\u00edt\u00fcnk \u00d6nnek,! - Mint m\u00e9rn\u00f6k\u00f6k, a besz\u00e9lget\u00e9sek, a v\u00e1zlattervek sor\u00e1n,\na csal\u00e1di h\u00e1z tervez\u00e9s folyamat\u00e1ban tiszt\u00e1zzuk a t\u00e9nyleges v\u00e1gyakat, \u00e1lmokat \u00e9s\nharmoniz\u00e1ljuk a mindennapi m\u0171k\u00f6d\u00e9ssel.<\/p>\n<!-- \/wp:paragraph -->\n\n<!-- wp:paragraph -->\n<p>Ezek\nmegval\u00f3s\u00edt\u00e1s\u00e1hoz milli\u00f3kat \u00e9r\u0151 tan\u00e1csokkal l\u00e1tjuk el \u00d6nt.<\/p>\n<!-- \/wp:paragraph -->\n\n<!-- wp:separator -->\n<hr class=\"wp-block-separator\"\/>\n<!-- \/wp:separator -->\n\n<!-- wp:paragraph -->\n<p>13. l\u00e9p\u00e9s<\/p>\n<!-- \/wp:paragraph -->\n\n<!-- wp:paragraph -->\n<p>A\nj\u00f3 v\u00e1zlattervekkel egy j\u00f3 \u00e9p\u00edt\u00e9sz \u00d6nnek m\u00e1r milli\u00f3kat takar\u00edthat meg a tervez\u00e9s\nf\u00e1zis\u00e1ban. \u2013 Hagyjon r\u00e1 el\u00e9g id\u0151t! \u2013 Az id\u0151 most \u00d6nnek dolgozik! ! - <strong>M\u00e1r ehhez is m\u00e9rn\u00f6k tervez\u00e9s sz\u00fcks\u00e9ges<\/strong><\/p>\n<!-- \/wp:paragraph -->\n\n<!-- wp:paragraph -->\n<p>B\u00e1rki\ntud gyorsan tervet adni \u00f6nnek (pl. fi\u00f3kb\u00f3l, katal\u00f3gusb\u00f3l, \u00fajs\u00e1gb\u00f3l kin\u00e9zve), \u2013\nDe az biztosan nem az \u00d6n Csal\u00e1di h\u00e1za, Otthona lesz!<\/p>\n<!-- \/wp:paragraph -->\n\n<!-- wp:paragraph -->\n<p>Ruh\u00e1t,\n\u00f6lt\u00f6nyt, cip\u0151t is ugye \u00fagy vesz; hogy t\u00f6bbet felpr\u00f3b\u00e1l, napokig, hetekig\nkeresg\u00e9l mire megvesz egyet, \u00e9s az csak 10-20 eFt. A csal\u00e1di h\u00e1z; 20-30 Milli\u00f3\nFt!. Lehet, hogy \u00d6nnek is meg\u00e9r egy j\u00f3 v\u00e1zlatterv 1-2 h\u00f3napot? Pl\u00e1ne ha ezzel\nmilli\u00f3kat takar\u00edthat meg?<\/p>\n<!-- \/wp:paragraph -->\n\n<!-- wp:separator -->\n<hr class=\"wp-block-separator\"\/>\n<!-- \/wp:separator -->\n\n<!-- wp:paragraph -->\n<p>14. l\u00e9p\u00e9s<\/p>\n<!-- \/wp:paragraph -->\n\n<!-- wp:paragraph -->\n<p>A\nv\u00e1zlattervet \u00e9s a k\u00e9sz v\u00e1zlatterveket egyeztesse le az \u00e9p\u00edt\u00e9si hat\u00f3s\u00e1gn\u00e1l, ha\nkell a f\u0151\u00e9p\u00edt\u00e9szn\u00e9l,a helyi \u00d6nkorm\u00e1nyzat telep\u00fcl\u00e9sk\u00e9pi konzult\u00e1ci\u00f3n\u00e1l. !- <strong>M\u00e1r ehhez is m\u00e9rn\u00f6k tan\u00e1csad\u00e1s sz\u00fcks\u00e9ges<\/strong><\/p>\n<!-- \/wp:paragraph -->\n\n<!-- wp:paragraph -->\n<p>Ezt,\nMi az \u00e9p\u00edt\u00e9sz tervez\u00e9ssel, az \u00d6n csal\u00e1di h\u00e1z tervez\u00e9s\u00e9vel megb\u00edzott\nszakemberk\u00e9nt megtessz\u00fck, de a mi gyakorlati tapasztalatunk az, j\u00f3 ha \u00d6n is\nelk\u00eds\u00e9ri az \u00e9p\u00edt\u00e9sz\u00e9t, pl. benn\u00fcnket ezekre az egy egyeztet\u00e9sekre,\u00edgy \u00e9rdekeit\negy\u00fcttesen tudjuk k\u00e9pviselni<\/p>\n<!-- \/wp:paragraph -->\n\n<!-- wp:separator -->\n<hr class=\"wp-block-separator\"\/>\n<!-- \/wp:separator -->\n\n<!-- wp:paragraph -->\n<p>15. l\u00e9p\u00e9s<\/p>\n<!-- \/wp:paragraph -->\n\n<!-- wp:paragraph -->\n<p>Fedje\nfel a b\u00fcdzs\u00e9j\u00e9t az \u00e9p\u00edt\u00e9sz el\u0151tt m\u00e1r a tervez\u00e9si program, ill., a v\u00e1zlattervek\nk\u00e9sz\u00edt\u00e9s\u00e9n\u00e9l! !- <strong>M\u00e1r ehhez is m\u00e9rn\u00f6k\ntan\u00e1csad\u00e1s sz\u00fcks\u00e9ges<\/strong><\/p>\n<!-- \/wp:paragraph -->\n\n<!-- wp:paragraph -->\n<p>Ha\nAz \u00c9p\u00edt\u00e9sz a csal\u00e1di h\u00e1z tervez\u00e9s k\u00f6zben nem tudja,&nbsp;mib\u0151l gazd\u00e1lkodhat,\nakkor \u00d6n mib\u0151l \u00e9s kit\u0151l fogja megtudni el\u00e9g lesz-e a p\u00e9nze?<\/p>\n<!-- \/wp:paragraph -->\n\n<!-- wp:paragraph -->\n<p>Az\naz \u00e9p\u00edt\u00e9sz, akit ez a csal\u00e1di h\u00e1z tervez\u00e9s leg elej\u00e9n nem \u00e9rdekel, \u00e9s\nfolyamatosan nem tartja ezt szem el\u0151tt, az \u201enagyon dr\u00e1g\u00e1n tervez\u201d, akkor az \u00d6n\nh\u00e1za sokmilli\u00f3val meghaladhatja az eredetileg \u00d6n \u00e1ltal tervezett p\u00e9nz\u00fcgyi kereteket.\n\u2013 \u00cdgy lesz az olcs\u00f3 \u00e9p\u00edt\u00e9sz;&nbsp;dr\u00e1ga j\u00f3 ember.<\/p>\n<!-- \/wp:paragraph -->\n\n<!-- wp:paragraph -->\n<p>\u00c9s\naz a Megb\u00edz\u00f3, aki nem ad pontos v\u00e1laszt, \u00e9s ak\u00e1r f\u00f6lfel\u00e9, ak\u00e1r lefel\u00e9\nelferd\u00edtett \u00f6sszeget k\u00f6z\u00f6l az \u00e9p\u00edt\u00e9sz\u00e9vel, ugyan \u00edgy nagyon p\u00f3rul j\u00e1rhat.<\/p>\n<!-- \/wp:paragraph -->\n\n<!-- wp:separator -->\n<hr class=\"wp-block-separator\"\/>\n<!-- \/wp:separator -->\n\n<!-- wp:paragraph -->\n<p>16. l\u00e9p\u00e9s<\/p>\n<!-- \/wp:paragraph -->\n\n<!-- wp:paragraph -->\n<p>Optimaliz\u00e1lja\ncsal\u00e1di h\u00e1za alapter\u00fclet\u00e9t! !- <strong>M\u00e1r ehhez\nis m\u00e9rn\u00f6k tan\u00e1csad\u00e1s sz\u00fcks\u00e9ges<\/strong><\/p>\n<!-- \/wp:paragraph -->\n\n<!-- wp:paragraph -->\n<p>Minden\n+ m2, minimum plusz 300 -350 eFt\/ m2 beruh\u00e1z\u00e1si k\u00f6lts\u00e9get jelen \u00d6nnek.Ha azt\nhiszi, \u00d6n enn\u00e9l j\u00f3val kevesebb\u0151l is ki tudja hozni, akkor valamit kifelejtett a\nsz\u00e1m\u00edt\u00e1sb\u00f3l.&nbsp;Ne d\u0151lj\u00f6n be a szomsz\u00e9dj\u00e1nak, az ismer\u0151s\u00e9nek, a\nv\u00e1llalkoz\u00f3nak, aki 4-5 \u00e9ve ennek a fel\u00e9b\u0151l hozta ki. \u2013 Az akkor volt. \u2013 \u00d6n nem\ntudja, hogy \u0151 mit, kinek, hogyan \u00e9s milyen tartalom\u00e9rt fizetett. A plussz m2-ek\n\u00f6sszege a tervez\u00e9si d\u00edj sokszorosa is lehet!<\/p>\n<!-- \/wp:paragraph -->\n\n<!-- wp:separator -->\n<hr class=\"wp-block-separator\"\/>\n<!-- \/wp:separator -->\n\n<!-- wp:paragraph -->\n<p>17. l\u00e9p\u00e9s<\/p>\n<!-- \/wp:paragraph -->\n\n<!-- wp:paragraph -->\n<p>Olyan\nm\u00e9rn\u00f6k\u00f6t v\u00e1lasszon, aki seg\u00edt eligazodni a jogszab\u00e1lyok dzsungel\u00e9ben! - <strong>M\u00e1r ehhez is m\u00e9rn\u00f6k tan\u00e1csad\u00e1s sz\u00fcks\u00e9ges<\/strong><\/p>\n<!-- \/wp:paragraph -->\n\n<!-- wp:paragraph -->\n<p>Ha\naz Tervez\u0151 nem v\u00e1llalja a hivatali \u00fcgyint\u00e9z\u00e9st \u00e9s \u00d6nnek kell ezt megtenni,\nakkor komoly gondban van. \u2013 Jobb ha m\u00e1st keres.<\/p>\n<!-- \/wp:paragraph -->\n\n<!-- wp:paragraph -->\n<p>Mi\n\u00d6n helyett felv\u00e1llaljuk az id\u0151ig\u00e9nyes, az \u00e9p\u00edt\u00e9szeti, m\u00e9rn\u00f6ki, szakmai jogi\nismereteket ig\u00e9nyl\u0151 szakmai \u00fcgyint\u00e9z\u00e9st. - \u00cdgy \u00d6n k\u00e9nyelmesen v\u00e1rhatja a\npost\u00e1st.&nbsp;Mi elint\u00e9zz\u00fck \u00d6nnek a joger\u0151s \u00e9p\u00edt\u00e9si enged\u00e9lyt.<\/p>\n<!-- \/wp:paragraph -->\n\n<!-- wp:separator -->\n<hr class=\"wp-block-separator\"\/>\n<!-- \/wp:separator -->\n\n<!-- wp:paragraph -->\n<p>18. l\u00e9p\u00e9s<\/p>\n<!-- \/wp:paragraph -->\n\n<!-- wp:paragraph -->\n<p>Vigy\u00e1zat,\ncsak joger\u0151s \u00e9s \u00e9rv\u00e9nyes \u00e9p\u00edt\u00e9si enged\u00e9ly birtok\u00e1ban kezdheti meg \u00e9p\u00edtkez\u00e9s\u00e9t. !-\n<strong>M\u00e1r ehhez is m\u00e9rn\u00f6k tan\u00e1csad\u00e1s sz\u00fcks\u00e9ges<\/strong><\/p>\n<!-- \/wp:paragraph -->\n\n<!-- wp:paragraph -->\n<p>\u00c9s\nne feledkezzen meg, bejelenteni az \u00e9p\u00edtkez\u00e9s megkezd\u00e9s\u00e9t, mert e n\u00e9lk\u00fcl is\nenged\u00e9lyn\u00e9lk\u00fcli \u00e9p\u00edt\u00e9si tev\u00e9kenys\u00e9get v\u00e9gez, melynek b\u00fcntet\u00e9si t\u00e9tele 100\nezres, milli\u00f3s nagys\u00e1grend\u0171 is lehet. \u2013 Figyelmesen olvassa el a hat\u00e1rozatot \u00e9s\n\u00edrja fel a hat\u00e1rid\u0151 napl\u00f3j\u00e1ba mikor j\u00e1r le, mikor kell meghosszabb\u00edtani. - Ha\nlej\u00e1rt \u00e9s nem hosszabb\u00edtotta meg, akkor \u00fajra kell k\u00e9rni az \u00e9p\u00edt\u00e9si enged\u00e9lyt,\nami a plusz k\u00f6lts\u00e9geken k\u00edv\u00fcl, egy sereg m\u00e1s probl\u00e9m\u00e1t is hozhat \u00d6nnek.<\/p>\n<!-- \/wp:paragraph -->\n\n<!-- wp:separator -->\n<hr class=\"wp-block-separator\"\/>\n<!-- \/wp:separator -->\n\n<!-- wp:paragraph -->\n<p>+1 l\u00e9p\u00e9s<\/p>\n<!-- \/wp:paragraph -->\n\n<!-- wp:paragraph -->\n<p>A\nkivitelez\u0151 kiv\u00e1laszt\u00e1s\u00e1n\u00e1l, m\u00e1r legyen \u00d6nnek saj\u00e1t m\u0171szaki ellen\u0151re. !- <strong>M\u00e1r ehhez is m\u00e9rn\u00f6k tan\u00e1csad\u00e1s sz\u00fcks\u00e9ges<\/strong><\/p>\n<!-- \/wp:paragraph -->\n\n<!-- wp:paragraph -->\n<p>A\nM\u0171szaki Ellen\u0151r az \u00d6n, teljesk\u00f6r\u0171 meghatalmazottja, megb\u00edzottja. \u2013 Teljes\njogk\u00f6rrel k\u00e9pviseli \u00d6nt, az \u00c9p\u00edt\u00e9si V\u00e1llalkoz\u00f3 \u00e9s alv\u00e1llalkoz\u00f3i fel\u00e9. \u2013 Nem\nkeverend\u0151 \u00f6ssze a Felel\u0151s M\u0171szaki Vezet\u0151vel! \u2013 \u0150 a kivitelez\u0151 embere, kv\u00e1zi \u0151\naz \u00e9p\u00edt\u00e9svezet\u0151, azaz a v\u00e1llalkoz\u00f3 \u00e9rdekeit k\u00e9pviseli \u00e9s nem az \u00d6n\u00e9t! \u2013 Teh\u00e1t\naz \u00d6n embere a M\u0171szaki Ellen\u0151r \u00e9s az \u00e9p\u00edt\u00e9sze!<\/p>\n<!-- \/wp:paragraph -->\n\n<!-- wp:paragraph -->\n<p>A\nM\u0171szaki Ellen\u0151r seg\u00edt kiv\u00e1lasztani a megfelel\u0151 kivitelez\u0151t a csal\u00e1di h\u00e1z\nfel\u00e9p\u00edt\u00e9s\u00e9hez. - Ellen\u0151rzi a szakszer\u0171s\u00e9get \u00e9s a teljes\u00edt\u00e9st. \u2013 Vigy\u00e1z az \u00d6n\np\u00e9nz\u00e9re, az \u00e9p\u00edt\u00e9s min\u0151s\u00e9g\u00e9re, a garanci\u00e1k teljes\u00fcl\u00e9s\u00e9re. \u2013 Az \u00d6n \u00e9rdekeit\nk\u00e9pviseli eg\u00e9szen az \u00e9p\u00edtkez\u00e9s befejez\u00e9s\u00e9ig, s\u0151t val\u00f3j\u00e1ban azon t\u00fal is.<\/p>\n<!-- \/wp:paragraph -->\n\n<!-- wp:paragraph -->\n<p>Most\negy \u00f3ra ingyenes telefonos, vagy szem\u00e9lyes tan\u00e1csad\u00e1ssal seg\u00edt\u00fcnk \u00d6nnek,\ncsal\u00e1di h\u00e1z tervez\u00e9s \u00e9s m\u00e1s m\u00e9rn\u00f6ki szolg\u00e1ltat\u00e1s, \u00fcgyint\u00e9z\u00e9si k\u00e9rd\u00e9sekben!<\/p>\n<!-- \/wp:paragraph -->\n\n<!-- wp:paragraph -->\n<p>H\u00edvjon\nbenn\u00fcnket!<\/p>\n<!-- \/wp:paragraph -->\n\n<!-- wp:paragraph -->\n<p>Tel:\n+36-20-462-9836<\/p>\n<!-- \/wp:paragraph -->","_et_gb_content_width":""},"_links":{"self":[{"href":"http:\/\/vipinvest.hu\/index.php?rest_route=\/wp\/v2\/pages\/42"}],"collection":[{"href":"http:\/\/vipinvest.hu\/index.php?rest_route=\/wp\/v2\/pages"}],"about":[{"href":"http:\/\/vipinvest.hu\/index.php?rest_route=\/wp\/v2\/types\/page"}],"author":[{"embeddable":true,"href":"http:\/\/vipinvest.hu\/index.php?rest_route=\/wp\/v2\/users\/1"}],"replies":[{"embeddable":true,"href":"http:\/\/vipinvest.hu\/index.php?rest_route=%2Fwp%2Fv2%2Fcomments&post=42"}],"version-history":[{"count":5,"href":"http:\/\/vipinvest.hu\/index.php?rest_route=\/wp\/v2\/pages\/42\/revisions"}],"predecessor-version":[{"id":933,"href":"http:\/\/vipinvest.hu\/index.php?rest_route=\/wp\/v2\/pages\/42\/revisions\/933"}],"wp:attachment":[{"href":"http:\/\/vipinvest.hu\/index.php?rest_route=%2Fwp%2Fv2%2Fmedia&parent=42"}],"curies":[{"name":"wp","href":"https:\/\/api.w.org\/{rel}","templated":true}]}}